{"id":102,"date":"2021-04-14T14:06:12","date_gmt":"2021-04-14T12:06:12","guid":{"rendered":"http:\/\/slauschek.photography\/cms\/?page_id=102"},"modified":"2026-04-21T23:59:48","modified_gmt":"2026-04-21T21:59:48","slug":"h2o-bf-fotobestellungen","status":"publish","type":"page","link":"https:\/\/slauschek.photography\/cms\/h2o-babyfotos\/h2o-bf-fotobestellungen\/","title":{"rendered":"Fotobestellungen im ONLINE-Shop"},"content":{"rendered":"\n<hr class=\"wp-block-separator has-alpha-channel-opacity\"\/>\n\n\n\n<p class=\"has-text-align-center\"><a href=\"#onlineshop\">Fotos bestellen<\/a> \u2014 <a href=\"#fotosinvorbereitung\">Fototermine in Vorbereitung<\/a> \u2014 <a href=\"#fotosbestellbar\">Fototermine bestellbar<\/a><\/p>\n\n\n\n<hr class=\"wp-block-separator has-alpha-channel-opacity\"\/>\n\n\n\n<div style=\"height:20px\" aria-hidden=\"true\" class=\"wp-block-spacer\"><\/div>\n\n\n\n<h5 class=\"wp-block-heading has-medium-font-size\"><strong>Herzlich willkommen!<\/strong><\/h5>\n\n\n\n<p>Hier k\u00f6nnen Sie ganz leicht und komfortabel, die sch\u00f6nsten Erinnerungen zu den ersten Erfahrungen Ihres kleinen Lieblings mit dem Element &#8220;Wasser&#8221; ansehen und auf Wunsch nat\u00fcrlich auch gerne bestellen.<\/p>\n\n\n<div class=\"wp-block-image\">\n<figure class=\"alignright size-medium is-resized\"><a href=\"https:\/\/server.picout.com\/\" target=\"_blank\" rel=\"noreferrer noopener\"><img loading=\"lazy\" decoding=\"async\" width=\"300\" height=\"163\" src=\"https:\/\/slauschek.photography\/cms\/wp-content\/uploads\/2022\/12\/Bildschirmfoto-2022-12-18-um-13.11.37-300x163.png\" alt=\"\" class=\"wp-image-8899\" style=\"width:auto;height:100px\"\/><\/a><figcaption class=\"wp-element-caption\"><a href=\"https:\/\/server.picout.com\/\" target=\"_blank\" rel=\"noreferrer noopener\">Zu unserem ONLINE-Shop&#8230;<\/a><\/figcaption><\/figure>\n<\/div>\n\n\n<p>Es gibt <strong>unterschiedlichste M\u00f6glichkeiten<\/strong> die Fotos zu erhalten. <br><strong>Standardm\u00e4\u00dfig<\/strong> k\u00f6nnen <strong>Digitalfotos (=Bilddateien) <\/strong>bestellt werden, gro\u00dfformatige &amp; hochwertige Abz\u00fcge auf Fotopapier sind jedoch auch m\u00f6glich.<\/p>\n\n\n\n<p><mark style=\"background-color:#ffffff\" class=\"has-inline-color has-black-color\">Wir empfehlen, die Bilder auf einem <strong>gro\u00dfen Computerbildschirm<\/strong> anzusehen!<\/mark><\/p>\n\n\n\n<div style=\"height:10px\" aria-hidden=\"true\" class=\"wp-block-spacer\"><\/div>\n\n\n\n<h5 class=\"wp-block-heading\" id=\"onlineshop\"><strong>Zu den Babyschwimmfotos in unserem ONLINE-Shop<\/strong>:<\/h5>\n\n\n\n<div style=\"height:10px\" aria-hidden=\"true\" class=\"wp-block-spacer\"><\/div>\n\n\n\n<div class=\"wp-block-buttons is-horizontal is-content-justification-left is-layout-flex wp-container-core-buttons-is-layout-7e5fce0a wp-block-buttons-is-layout-flex\">\n<div class=\"wp-block-button\"><a class=\"wp-block-button__link has-white-color has-text-color has-background wp-element-button\" href=\"https:\/\/server.picout.com\/\" style=\"border-radius:50px;background:radial-gradient(rgb(254,205,165) 0%,rgb(254,45,45) 37%,rgb(107,0,62) 100%)\" target=\"_blank\" rel=\"noreferrer noopener\"><strong>Zum ONLINE-Shop hier klicken&#8230;<\/strong><\/a><\/div>\n<\/div>\n\n\n\n<p>Von welchen Terminen die Babyschwimmfotos bereits ONLINE sind, <br>ist etwas weiter unten auf dieser Seite aufgelistet!<\/p>\n\n\n<div class=\"wp-block-image\">\n<figure data-wp-context=\"{&quot;imageId&quot;:&quot;69f4de5a70bdb&quot;}\" data-wp-interactive=\"core\/image\" data-wp-key=\"69f4de5a70bdb\" class=\"alignright size-medium wp-lightbox-container\"><img loading=\"lazy\" decoding=\"async\" width=\"300\" height=\"230\" data-wp-class--hide=\"state.isContentHidden\" data-wp-class--show=\"state.isContentVisible\" data-wp-init=\"callbacks.setButtonStyles\" data-wp-on--click=\"actions.showLightbox\" data-wp-on--load=\"callbacks.setButtonStyles\" data-wp-on-window--resize=\"callbacks.setButtonStyles\" src=\"https:\/\/slauschek.photography\/cms\/wp-content\/uploads\/2025\/01\/SP-OnlineShop-FotoauswahlBestellhinweise_2024-11-10_Web-300x230.jpg\" alt=\"\" class=\"wp-image-10012\" style=\"object-fit:cover\"\/><button\n\t\t\tclass=\"lightbox-trigger\"\n\t\t\ttype=\"button\"\n\t\t\taria-haspopup=\"dialog\"\n\t\t\taria-label=\"Vergr\u00f6\u00dfern\"\n\t\t\tdata-wp-init=\"callbacks.initTriggerButton\"\n\t\t\tdata-wp-on--click=\"actions.showLightbox\"\n\t\t\tdata-wp-style--right=\"state.imageButtonRight\"\n\t\t\tdata-wp-style--top=\"state.imageButtonTop\"\n\t\t>\n\t\t\t<svg xmlns=\"http:\/\/www.w3.org\/2000\/svg\" width=\"12\" height=\"12\" fill=\"none\" viewBox=\"0 0 12 12\">\n\t\t\t\t<path fill=\"#fff\" d=\"M2 0a2 2 0 0 0-2 2v2h1.5V2a.5.5 0 0 1 .5-.5h2V0H2Zm2 10.5H2a.5.5 0 0 1-.5-.5V8H0v2a2 2 0 0 0 2 2h2v-1.5ZM8 12v-1.5h2a.5.5 0 0 0 .5-.5V8H12v2a2 2 0 0 1-2 2H8Zm2-12a2 2 0 0 1 2 2v2h-1.5V2a.5.5 0 0 0-.5-.5H8V0h2Z\" \/>\n\t\t\t<\/svg>\n\t\t<\/button><figcaption class=\"wp-element-caption\">Infos vorab zum Bestellablauf bzw. der Bildauswahl im ONLINE-Shop &#8211; bitte auf das Bild klicken! <br><strong>Hinweis<\/strong>: Diese Info ist auch nach dem erfolgreichen Login im ONLINE-Shop ganz oben unter &#8220;Anleitung&#8221; abrufbar!<\/figcaption><\/figure>\n<\/div>\n\n\n<p><\/p>\n\n\n\n<ul class=\"wp-block-list\">\n<li><strong>Wichtige Hinweise:<\/strong>\n<ul class=\"wp-block-list\">\n<li><strong>Vor der Auslieferung<\/strong> der bestellten Bilder werden diese noch einem &#8220;<strong>Finetuning<\/strong>&#8221; unterzogen. Helligkeit usw. werden optimiert&#8230;<\/li>\n\n\n\n<li>Eventuelle <strong>Farbstiche bei den Haaren<\/strong> mancher Babys in Richtung <strong><mark style=\"background-color:rgba(0, 0, 0, 0)\" class=\"has-inline-color has-vivid-red-color\">Rot<\/mark><\/strong> oder <strong><mark style=\"background-color:rgba(0, 0, 0, 0)\" class=\"has-inline-color has-luminous-vivid-orange-color\">Orange<\/mark><\/strong> sowie andere <strong>st\u00f6rende, leicht zu entfernende Elemente<\/strong>, werden nach Bestelleingang und noch <strong>vor der Auslieferung korrigiert bzw. entfernt.<\/strong><\/li>\n\n\n\n<li>Wir empfehlen, die Bilder auf einem <strong>gro\u00dfen Computerbildschirm<\/strong> anzusehen!<\/li>\n\n\n\n<li>Bitte rechts auf dieser Seite das <strong>Bild mit den Infos zum Bestellablauf bzw. der Bildauswahl im ONLINE-Shop beachten<\/strong> &#8211; einfach anklicken zur vergr\u00f6\u00dferten Ansicht!<\/li>\n<\/ul>\n<\/li>\n<\/ul>\n\n\n\n<div style=\"height:10px\" aria-hidden=\"true\" class=\"wp-block-spacer\"><\/div>\n\n\n\n<hr class=\"wp-block-separator has-alpha-channel-opacity is-style-wide\"\/>\n\n\n\n<p id=\"fotosinvorbereitung\"><em>Stand: 22.04.2026 &#8211; 00:15 Uhr<\/em><\/p>\n\n\n\n<h5 class=\"wp-block-heading has-medium-font-size\"><strong><mark style=\"background-color:rgba(0, 0, 0, 0)\" class=\"has-inline-color has-pale-cyan-blue-color\">2026 &#8211; Babyschwimmfotos nachstehender Shootings sind noch geplant bzw. in Vorbereitung f\u00fcr den ONLINE-Shop<\/mark><\/strong><\/h5>\n\n\n\n<ul class=\"wp-block-list\">\n<li><strong><mark style=\"background-color:rgba(0, 0, 0, 0)\" class=\"has-inline-color has-vivid-cyan-blue-color\"><strong><mark style=\"background-color:rgba(0, 0, 0, 0)\" class=\"has-inline-color has-luminous-vivid-orange-color\">Mi, 22.04.2026 &#8211; Babysplash &#8211; Florian Berndl Bad Bisamberg<\/mark><mark><mark style=\"background-color:#ffffff\" class=\"has-inline-color has-light-green-cyan-color\"><strong><mark style=\"background-color:rgba(0, 0, 0, 0)\" class=\"has-inline-color has-luminous-vivid-orange-color\">&#8211; \u00dcberwasser<\/mark><\/strong><\/mark><\/mark><\/strong><\/mark><\/strong>\n<ul class=\"wp-block-list\">\n<li>Die Fotos werden voraussichtlich ab Di, den 28.04.2026\/23:00 Uhr in der Galerie unseres ONLINE-Shops betrachtbar und bestellbar sein. Eventuelle Termin\u00e4nderungen werden hier ver\u00f6ffentlicht.<\/li>\n<\/ul>\n<\/li>\n\n\n\n<li><strong><mark style=\"background-color:rgba(0, 0, 0, 0)\" class=\"has-inline-color has-vivid-cyan-blue-color\">So, 26.04.2026 &#8211; Happy-Blubb &#8211; Donaust\u00e4dter Bad- \u00dcberwasser<\/mark><\/strong>\n<ul class=\"wp-block-list\">\n<li>Die Fotos werden voraussichtlich ab Mo, den 04.05.2026\/23:00 Uhr in der Galerie unseres ONLINE-Shops betrachtbar und bestellbar sein. Eventuelle Termin\u00e4nderungen werden hier ver\u00f6ffentlicht.<br>.<\/li>\n<\/ul>\n<\/li>\n<\/ul>\n\n\n\n<hr class=\"wp-block-separator has-alpha-channel-opacity is-style-wide\"\/>\n\n\n\n<p id=\"fotosbestellbar\"><em>Stand: 22.04.2026 &#8211; 00:15 Uhr<\/em><\/p>\n\n\n\n<h5 class=\"wp-block-heading has-medium-font-size\"><strong><mark style=\"background-color:rgba(0, 0, 0, 0)\" class=\"has-inline-color has-vivid-cyan-blue-color\">2025-2026 &#8211; Babyschwimmfotos nachstehender Shootings sind ONLINE und bestellbar<\/mark><\/strong><\/h5>\n\n\n\n<div style=\"height:20px\" aria-hidden=\"true\" class=\"wp-block-spacer\"><\/div>\n\n\n\n<div class=\"wp-block-buttons is-layout-flex wp-block-buttons-is-layout-flex\">\n<div class=\"wp-block-button\"><a class=\"wp-block-button__link has-white-color has-text-color has-background wp-element-button\" href=\"https:\/\/server.picout.com\" style=\"border-radius:50px;background:radial-gradient(rgb(254,205,165) 0%,rgb(254,45,45) 37%,rgb(107,0,62) 100%)\" target=\"_blank\" rel=\"noreferrer noopener\"><mark style=\"background-color:rgba(0, 0, 0, 0)\" class=\"has-inline-color has-white-color\"><strong><strong>Zum ONLINE-Shop hier klicken&#8230;<\/strong><\/strong><\/mark><\/a><\/div>\n<\/div>\n\n\n\n<div style=\"height:20px\" aria-hidden=\"true\" class=\"wp-block-spacer\"><\/div>\n\n\n\n<ul class=\"wp-block-list\">\n<li><strong><mark style=\"background-color:rgba(0, 0, 0, 0)\" class=\"has-inline-color has-vivid-cyan-blue-color\"><strong><mark style=\"background-color:rgba(0, 0, 0, 0)\" class=\"has-inline-color has-luminous-vivid-orange-color\">Fr, 10.04.2026 &#8211; Babysplash &#8211; Florian Berndl Bad Bisamberg<\/mark><mark><mark style=\"background-color:#ffffff\" class=\"has-inline-color has-light-green-cyan-color\"><strong><mark style=\"background-color:rgba(0, 0, 0, 0)\" class=\"has-inline-color has-luminous-vivid-orange-color\">&#8211; \u00dcberwasser<\/mark><\/strong><\/mark><\/mark><\/strong><\/mark><\/strong><\/li>\n\n\n\n<li><strong><mark style=\"background-color:rgba(0, 0, 0, 0)\" class=\"has-inline-color has-vivid-cyan-blue-color\"><strong><mark style=\"background-color:rgba(0, 0, 0, 0)\" class=\"has-inline-color has-luminous-vivid-orange-color\">Do, 09.04.2026 &#8211; Babysplash &#8211; Florian Berndl Bad Bisamberg<\/mark><mark><mark style=\"background-color:#ffffff\" class=\"has-inline-color has-light-green-cyan-color\"><strong><mark style=\"background-color:rgba(0, 0, 0, 0)\" class=\"has-inline-color has-luminous-vivid-orange-color\">&#8211; \u00dcberwasser<\/mark><\/strong><\/mark><\/mark><\/strong><\/mark><\/strong><\/li>\n\n\n\n<li><strong><mark style=\"background-color:rgba(0, 0, 0, 0)\" class=\"has-inline-color has-vivid-cyan-blue-color\">So, 01.03.2026 &#8211; Happy-Blubb &#8211; Donaust\u00e4dter Bad- \u00dcberwasser<\/mark><\/strong><\/li>\n\n\n\n<li><strong><mark style=\"background-color:rgba(0, 0, 0, 0)\" class=\"has-inline-color has-luminous-vivid-orange-color\"><strong><mark><strong><mark><strong><mark><strong><mark><strong><mark><mark style=\"background-color:#ffffff\" class=\"has-inline-color has-cyan-bluish-gray-color\"><strong><mark><strong><mark><strong><mark><strong><mark><strong><mark><mark style=\"background-color:#ffffff\" class=\"has-inline-color has-pale-cyan-blue-color\"><strong><mark><strong><mark><strong><mark><strong><mark><strong><mark><mark style=\"background-color:#ffffff\" class=\"has-inline-color has-black-color\"><strong><mark><mark style=\"background-color:#ffffff\" class=\"has-inline-color has-vivid-green-cyan-color\">Do, 26.02.2026 &#8211; Baby-Kinder-Schwimmschule.at &#8211; Therme Wien &#8211; \u00dcberwasser<\/mark><\/mark><\/strong><\/mark><\/mark><\/strong><\/mark><\/strong><\/mark><\/strong><\/mark><\/strong><\/mark><\/strong><\/mark><\/mark><\/strong><\/mark><\/strong><\/mark><\/strong><\/mark><\/strong><\/mark><\/strong><\/mark><\/mark><\/strong><\/mark><\/strong><\/mark><\/strong><\/mark><\/strong><\/mark><\/strong><\/mark><\/strong><\/li>\n\n\n\n<li><strong><mark><mark style=\"background-color:#ffffff\" class=\"has-inline-color has-light-green-cyan-color\"><strong><mark><mark style=\"background-color:#ffffff\" class=\"has-inline-color has-light-green-cyan-color\">Mi, <\/mark><\/mark><\/strong>25.02.2026 &#8211; Baby-Kinder-Schwimmschule.at &#8211; R\u00f6mertherme Baden &#8211; \u00dcberwasser<\/mark><\/mark><\/strong><\/li>\n\n\n\n<li><strong><mark style=\"background-color:rgba(0, 0, 0, 0)\" class=\"has-inline-color has-luminous-vivid-orange-color\"><strong><mark><strong><mark><strong><mark><strong><mark><strong><mark><mark style=\"background-color:#ffffff\" class=\"has-inline-color has-cyan-bluish-gray-color\"><strong><mark><strong><mark><strong><mark><strong><mark><strong><mark><mark style=\"background-color:#ffffff\" class=\"has-inline-color has-pale-cyan-blue-color\"><strong><mark><strong><mark><strong><mark><strong><mark><strong><mark><mark style=\"background-color:#ffffff\" class=\"has-inline-color has-black-color\"><strong><mark><mark style=\"background-color:#ffffff\" class=\"has-inline-color has-vivid-green-cyan-color\">So, 22.02.2026 &#8211; Baby-Kinder-Schwimmschule.at &#8211; Therme Wien &#8211; \u00dcberwasser<\/mark><\/mark><\/strong><\/mark><\/mark><\/strong><\/mark><\/strong><\/mark><\/strong><\/mark><\/strong><\/mark><\/strong><\/mark><\/mark><\/strong><\/mark><\/strong><\/mark><\/strong><\/mark><\/strong><\/mark><\/strong><\/mark><\/mark><\/strong><\/mark><\/strong><\/mark><\/strong><\/mark><\/strong><\/mark><\/strong><\/mark><\/strong><\/li>\n\n\n\n<li><strong><mark><strong><mark><strong><mark><strong><mark><strong><mark><mark style=\"background-color:#ffffff\" class=\"has-inline-color has-cyan-bluish-gray-color\"><strong><mark><strong><mark><strong><mark><strong><mark><strong><mark><mark style=\"background-color:#ffffff\" class=\"has-inline-color has-pale-cyan-blue-color\"><strong><mark><strong><mark><strong><mark><strong><mark><strong><mark><mark style=\"background-color:#ffffff\" class=\"has-inline-color has-black-color\"><strong><mark><mark style=\"background-color:#ffffff\" class=\"has-inline-color has-vivid-green-cyan-color\">Do, 19.02.2026 &#8211; Baby-Kinder-Schwimmschule.at &#8211; Therme Wien &#8211; \u00dcberwasser<\/mark><\/mark><\/strong><\/mark><\/mark><\/strong><\/mark><\/strong><\/mark><\/strong><\/mark><\/strong><\/mark><\/strong><\/mark><\/mark><\/strong><\/mark><\/strong><\/mark><\/strong><\/mark><\/strong><\/mark><\/strong><\/mark><\/mark><\/strong><\/mark><\/strong><\/mark><\/strong><\/mark><\/strong><\/mark><\/strong><\/li>\n\n\n\n<li><strong><mark><mark style=\"background-color:#ffffff\" class=\"has-inline-color has-light-green-cyan-color\"><strong><mark style=\"background-color:rgba(0, 0, 0, 0)\" class=\"has-inline-color has-luminous-vivid-orange-color\">Mi, 18.02.2026 &#8211; Babysplash &#8211; Regionalbad G\u00e4nserndorf &#8211; \u00dcberwasser<\/mark><\/strong><\/mark><\/mark><\/strong><\/li>\n\n\n\n<li><strong><mark style=\"background-color:rgba(0, 0, 0, 0)\" class=\"has-inline-color has-luminous-vivid-orange-color\">Do, 12.02.2026 &#8211; Babysplash &#8211; Florian Berndl Bad Bisamberg<\/mark><mark><mark style=\"background-color:#ffffff\" class=\"has-inline-color has-light-green-cyan-color\"><strong><mark style=\"background-color:rgba(0, 0, 0, 0)\" class=\"has-inline-color has-luminous-vivid-orange-color\"> &#8211; \u00dcberwasser<\/mark><\/strong><\/mark><\/mark><\/strong><\/li>\n\n\n\n<li><strong><mark><mark style=\"background-color:#ffffff\" class=\"has-inline-color has-light-green-cyan-color\"><strong><mark><mark style=\"background-color:#ffffff\" class=\"has-inline-color has-light-green-cyan-color\">Di, 1<\/mark><\/mark><\/strong>0.02.2026 &#8211; Baby-Kinder-Schwimmschule.at &#8211; R\u00f6mertherme Baden &#8211; \u00dcberwasser<\/mark><\/mark><\/strong><\/li>\n\n\n\n<li><strong><mark><strong><mark><strong><mark><strong><mark><strong><mark><mark style=\"background-color:#ffffff\" class=\"has-inline-color has-cyan-bluish-gray-color\"><strong><mark><strong><mark><strong><mark><strong><mark><strong><mark><mark style=\"background-color:#ffffff\" class=\"has-inline-color has-pale-cyan-blue-color\"><strong><mark><strong><mark><strong><mark><strong><mark><strong><mark><mark style=\"background-color:#ffffff\" class=\"has-inline-color has-black-color\"><strong><mark><mark style=\"background-color:#ffffff\" class=\"has-inline-color has-vivid-green-cyan-color\">Mo, 09.02.2026 &#8211; Baby-Kinder-Schwimmschule.at &#8211; Therme Wien &#8211; \u00dcberwasser<\/mark><\/mark><\/strong><\/mark><\/mark><\/strong><\/mark><\/strong><\/mark><\/strong><\/mark><\/strong><\/mark><\/strong><\/mark><\/mark><\/strong><\/mark><\/strong><\/mark><\/strong><\/mark><\/strong><\/mark><\/strong><\/mark><\/mark><\/strong><\/mark><\/strong><\/mark><\/strong><\/mark><\/strong><\/mark><\/strong><\/li>\n\n\n\n<li><strong><mark><strong><mark><strong><mark><strong><mark><strong><mark><mark style=\"background-color:#ffffff\" class=\"has-inline-color has-pale-cyan-blue-color\">Sa, 13.12.2025 &#8211; <\/mark><mark style=\"background-color:#ffffff\" class=\"has-inline-color has-pale-pink-color\"><strong><mark><strong><mark><strong><mark><strong><mark><mark style=\"background-color:#ffffff\" class=\"has-inline-color has-pale-cyan-blue-color\">Aqua Nova Wr. Neustadt<\/mark><\/mark><\/strong><\/mark><\/strong><\/mark><\/strong><\/mark><\/strong><\/mark><\/mark><\/strong><\/mark><\/strong><\/mark><\/strong><\/mark><\/strong><\/mark><\/strong><\/li>\n\n\n\n<li><strong><mark><strong><mark><strong><mark><strong><mark><strong><mark><mark style=\"background-color:#ffffff\" class=\"has-inline-color has-pale-cyan-blue-color\">Di, 09.12.2025 &#8211; <\/mark><mark style=\"background-color:#ffffff\" class=\"has-inline-color has-pale-pink-color\"><strong><mark><strong><mark><strong><mark><strong><mark><mark style=\"background-color:#ffffff\" class=\"has-inline-color has-pale-cyan-blue-color\">Aqua Nova Wr. Neustadt<\/mark><\/mark><\/strong><\/mark><\/strong><\/mark><\/strong><\/mark><\/strong><\/mark><\/mark><\/strong><\/mark><\/strong><\/mark><\/strong><\/mark><\/strong><\/mark><\/strong><\/li>\n\n\n\n<li><strong><mark style=\"background-color:rgba(0, 0, 0, 0)\" class=\"has-inline-color has-luminous-vivid-orange-color\">Do, 04.12.2025 &#8211; Babysplash &#8211; Florian Berndl Bad Bisamberg <\/mark><mark><mark style=\"background-color:#ffffff\" class=\"has-inline-color has-light-green-cyan-color\"><strong><mark><mark style=\"background-color:#ffffff\" class=\"has-inline-color has-light-green-cyan-color\"><strong><mark style=\"background-color:rgba(0, 0, 0, 0)\" class=\"has-inline-color has-luminous-vivid-orange-color\">&#8211; \u00dcberwasser<\/mark><\/strong><\/mark><\/mark><\/strong><\/mark><\/mark><\/strong><\/li>\n\n\n\n<li><strong><mark><strong><mark><strong><mark><strong><mark><strong><mark><mark style=\"background-color:#ffffff\" class=\"has-inline-color has-pale-cyan-blue-color\">Mo, 01.12.2025 &#8211; <\/mark><mark style=\"background-color:#ffffff\" class=\"has-inline-color has-pale-pink-color\"><strong><mark><strong><mark><strong><mark><strong><mark><mark style=\"background-color:#ffffff\" class=\"has-inline-color has-pale-cyan-blue-color\">Aqua Nova Wr. Neustadt<\/mark><\/mark><\/strong><\/mark><\/strong><\/mark><\/strong><\/mark><\/strong><\/mark><\/mark><\/strong><\/mark><\/strong><\/mark><\/strong><\/mark><\/strong><\/mark><\/strong><\/li>\n\n\n\n<li><strong><mark style=\"background-color:rgba(0, 0, 0, 0)\" class=\"has-inline-color has-vivid-cyan-blue-color\">So, 30.11.2025 &#8211; Happy-Blubb &#8211; Donaust\u00e4dter Bad &#8211; \u00dcberwasser<\/mark><\/strong><\/li>\n\n\n\n<li><strong><mark style=\"background-color:rgba(0, 0, 0, 0)\" class=\"has-inline-color has-luminous-vivid-orange-color\">Mo, 24.11.2025 &#8211; Babysplash &#8211; <strong><mark style=\"background-color:rgba(0, 0, 0, 0)\" class=\"has-inline-color has-luminous-vivid-orange-color\"><strong><mark><mark style=\"background-color:#ffffff\" class=\"has-inline-color has-luminous-vivid-orange-color\">DonauSplash Tulln<\/mark><\/mark><\/strong> &#8211; \u00dcberwasser<\/mark><\/strong><\/mark><\/strong><\/li>\n\n\n\n<li><strong><mark style=\"background-color:rgba(0, 0, 0, 0)\" class=\"has-inline-color has-luminous-vivid-orange-color\">So, 23.11.2025 &#8211; Babysplash &#8211; Florian Berndl Bad Bisamberg<\/mark><\/strong><\/li>\n\n\n\n<li><strong><mark><strong><mark><strong><mark><strong><mark><strong><mark><mark style=\"background-color:#ffffff\" class=\"has-inline-color has-pale-cyan-blue-color\"><strong><mark><strong><mark><strong><mark><strong><mark><strong><mark><mark style=\"background-color:#ffffff\" class=\"has-inline-color has-black-color\"><strong><mark><mark style=\"background-color:#ffffff\" class=\"has-inline-color has-vivid-green-cyan-color\">Do, 20.11.2025 &#8211; Baby-Kinder-Schwimmschule.at &#8211; Therme Wien &#8211; \u00dcberwasser<\/mark><\/mark><\/strong><\/mark><\/mark><\/strong><\/mark><\/strong><\/mark><\/strong><\/mark><\/strong><\/mark><\/strong><\/mark><\/mark><\/strong><\/mark><\/strong><\/mark><\/strong><\/mark><\/strong><\/mark><\/strong><\/li>\n\n\n\n<li><strong><mark><strong><mark><strong><mark><strong><mark><strong><mark><mark style=\"background-color:#ffffff\" class=\"has-inline-color has-pale-cyan-blue-color\"><strong><mark><strong><mark><strong><mark><strong><mark><strong><mark><mark style=\"background-color:#ffffff\" class=\"has-inline-color has-black-color\"><strong><mark><mark style=\"background-color:#ffffff\" class=\"has-inline-color has-vivid-green-cyan-color\">Mo, 17.11.2025 &#8211; Baby-Kinder-Schwimmschule.at &#8211; Therme Wien &#8211; \u00dcberwasser<\/mark><\/mark><\/strong><\/mark><\/mark><\/strong><\/mark><\/strong><\/mark><\/strong><\/mark><\/strong><\/mark><\/strong><\/mark><\/mark><\/strong><\/mark><\/strong><\/mark><\/strong><\/mark><\/strong><\/mark><\/strong><\/li>\n\n\n\n<li><strong><mark><strong><mark><strong><mark><strong><mark><strong><mark><mark style=\"background-color:#ffffff\" class=\"has-inline-color has-pale-cyan-blue-color\"><strong><mark><strong><mark><strong><mark><strong><mark><strong><mark><mark style=\"background-color:#ffffff\" class=\"has-inline-color has-black-color\"><strong><mark><mark style=\"background-color:#ffffff\" class=\"has-inline-color has-vivid-green-cyan-color\">Do, 13.11.2025 &#8211; Baby-Kinder-Schwimmschule.at &#8211; Therme Wien &#8211; \u00dcberwasser<\/mark><\/mark><\/strong><\/mark><\/mark><\/strong><\/mark><\/strong><\/mark><\/strong><\/mark><\/strong><\/mark><\/strong><\/mark><\/mark><\/strong><\/mark><\/strong><\/mark><\/strong><\/mark><\/strong><\/mark><\/strong><\/li>\n\n\n\n<li><strong><mark><mark style=\"background-color:#ffffff\" class=\"has-inline-color has-light-green-cyan-color\"><strong><mark><mark style=\"background-color:#ffffff\" class=\"has-inline-color has-light-green-cyan-color\">Di, 11.11.2025<\/mark><\/mark><\/strong> &#8211; Baby-Kinder-Schwimmschule.at &#8211; R\u00f6mertherme Baden &#8211; \u00dcberwasser<\/mark><\/mark><\/strong><\/li>\n\n\n\n<li><strong><mark style=\"background-color:rgba(0, 0, 0, 0)\" class=\"has-inline-color has-luminous-vivid-orange-color\">Mo, 20.10.2025 &#8211; Babysplash &#8211; <strong><mark><mark style=\"background-color:#ffffff\" class=\"has-inline-color has-luminous-vivid-orange-color\">DonauSplash Tulln<\/mark><\/mark><\/strong> &#8211; \u00dcberwasser<\/mark><\/strong><\/li>\n\n\n\n<li><strong><mark><strong><mark><strong><mark><strong><mark><strong><mark><mark style=\"background-color:#ffffff\" class=\"has-inline-color has-pale-cyan-blue-color\"><strong><mark><strong><mark><strong><mark><strong><mark><strong><mark><mark style=\"background-color:#ffffff\" class=\"has-inline-color has-black-color\"><strong><mark><mark style=\"background-color:#ffffff\" class=\"has-inline-color has-vivid-green-cyan-color\">So, 19.10.2025 &#8211; Baby-Kinder-Schwimmschule.at &#8211; Therme Wien &#8211; \u00dcberwasser<\/mark><\/mark><\/strong><\/mark><\/mark><\/strong><\/mark><\/strong><\/mark><\/strong><\/mark><\/strong><\/mark><\/strong><\/mark><\/mark><\/strong><\/mark><\/strong><\/mark><\/strong><\/mark><\/strong><\/mark><\/strong><\/li>\n\n\n\n<li><strong><mark><mark style=\"background-color:#ffffff\" class=\"has-inline-color has-light-green-cyan-color\"><strong><mark><mark style=\"background-color:#ffffff\" class=\"has-inline-color has-light-green-cyan-color\">Do, 16.10.2025<\/mark><\/mark><\/strong> &#8211; Baby-Kinder-Schwimmschule.at &#8211; R\u00f6mertherme Baden &#8211; \u00dcberwasser<\/mark><\/mark><\/strong><\/li>\n\n\n\n<li><strong><mark><mark style=\"background-color:#ffffff\" class=\"has-inline-color has-light-green-cyan-color\"><strong><mark><mark style=\"background-color:#ffffff\" class=\"has-inline-color has-light-green-cyan-color\">Mi, 15.10.2025<\/mark><\/mark><\/strong> &#8211; Baby-Kinder-Schwimmschule.at &#8211; R\u00f6mertherme Baden &#8211; \u00dcberwasser<\/mark><\/mark><\/strong><\/li>\n\n\n\n<li><strong><mark><mark style=\"background-color:#ffffff\" class=\"has-inline-color has-light-green-cyan-color\"><strong><mark><mark style=\"background-color:#ffffff\" class=\"has-inline-color has-light-green-cyan-color\"><strong><mark style=\"background-color:rgba(0, 0, 0, 0)\" class=\"has-inline-color has-luminous-vivid-orange-color\">Fr, 10.10.2025 &#8211; Babysplash &#8211; Florian Berndl Bad Bisamberg &#8211; \u00dcberwasser<\/mark><\/strong><\/mark><\/mark><\/strong><\/mark><\/mark><\/strong><\/li>\n\n\n\n<li><strong><mark style=\"background-color:rgba(0, 0, 0, 0)\" class=\"has-inline-color has-luminous-vivid-orange-color\">Do, 09.10.2025 &#8211; Babysplash &#8211; <strong><mark><mark style=\"background-color:#ffffff\" class=\"has-inline-color has-luminous-vivid-orange-color\">DonauSplash Tulln<\/mark><\/mark><\/strong> &#8211; \u00dcberwasser<\/mark><\/strong><\/li>\n\n\n\n<li><strong><mark><mark style=\"background-color:#ffffff\" class=\"has-inline-color has-light-green-cyan-color\"><strong><mark><mark style=\"background-color:#ffffff\" class=\"has-inline-color has-light-green-cyan-color\"><strong><mark style=\"background-color:rgba(0, 0, 0, 0)\" class=\"has-inline-color has-luminous-vivid-orange-color\">Do, 02.10.2025 &#8211; Babysplash &#8211; Florian Berndl Bad Bisamberg &#8211; \u00dcberwasser<\/mark><\/strong><\/mark><\/mark><\/strong><\/mark><\/mark><\/strong><\/li>\n\n\n\n<li><strong><mark><mark style=\"background-color:#ffffff\" class=\"has-inline-color has-light-green-cyan-color\"><strong><mark style=\"background-color:rgba(0, 0, 0, 0)\" class=\"has-inline-color has-luminous-vivid-orange-color\">Mi, 01.10.2025 &#8211; Babysplash &#8211; Regionalbad G\u00e4nserndorf &#8211; \u00dcberwasser<\/mark><\/strong><\/mark><\/mark><\/strong><\/li>\n\n\n\n<li><strong><mark><mark style=\"background-color:#ffffff\" class=\"has-inline-color has-light-green-cyan-color\"><strong><mark><mark style=\"background-color:#ffffff\" class=\"has-inline-color has-light-green-cyan-color\"><strong><mark style=\"background-color:rgba(0, 0, 0, 0)\" class=\"has-inline-color has-luminous-vivid-orange-color\">Mi, 24.09.2025 &#8211; Babysplash &#8211; Florian Berndl Bad Bisamberg &#8211; \u00dcberwasser<\/mark><\/strong><\/mark><\/mark><\/strong><\/mark><\/mark><\/strong><\/li>\n\n\n\n<li><strong><mark><mark style=\"background-color:#ffffff\" class=\"has-inline-color has-light-green-cyan-color\"><strong><mark><mark style=\"background-color:#ffffff\" class=\"has-inline-color has-light-green-cyan-color\">Di, 29.07.2025<\/mark><\/mark><\/strong> &#8211; Baby-Kinder-Schwimmschule.at &#8211; R\u00f6mertherme Baden &#8211; \u00dcberwasser<\/mark><\/mark><\/strong><\/li>\n\n\n\n<li><strong><mark><strong><mark><strong><mark><strong><mark><strong><mark><mark style=\"background-color:#ffffff\" class=\"has-inline-color has-pale-cyan-blue-color\"><strong><mark><strong><mark><strong><mark><strong><mark><strong><mark><mark style=\"background-color:#ffffff\" class=\"has-inline-color has-black-color\"><strong><mark><mark style=\"background-color:#ffffff\" class=\"has-inline-color has-vivid-green-cyan-color\">So, 27.07.2025 &#8211; Baby-Kinder-Schwimmschule.at &#8211; Therme Wien &#8211; \u00dcberwasser<\/mark><\/mark><\/strong><\/mark><\/mark><\/strong><\/mark><\/strong><\/mark><\/strong><\/mark><\/strong><\/mark><\/strong><\/mark><\/mark><\/strong><\/mark><\/strong><\/mark><\/strong><\/mark><\/strong><\/mark><\/strong><\/li>\n\n\n\n<li><strong><mark><strong><mark><strong><mark><strong><mark><strong><mark><mark style=\"background-color:#ffffff\" class=\"has-inline-color has-pale-cyan-blue-color\"><strong><mark><strong><mark><strong><mark><strong><mark><strong><mark><mark style=\"background-color:#ffffff\" class=\"has-inline-color has-black-color\"><strong><mark><mark style=\"background-color:#ffffff\" class=\"has-inline-color has-vivid-green-cyan-color\">Mo, 14.07.2025 &#8211; Baby-Kinder-Schwimmschule.at &#8211; Therme Wien &#8211; \u00dcberwasser<\/mark><\/mark><\/strong><\/mark><\/mark><\/strong><\/mark><\/strong><\/mark><\/strong><\/mark><\/strong><\/mark><\/strong><\/mark><\/mark><\/strong><\/mark><\/strong><\/mark><\/strong><\/mark><\/strong><\/mark><\/strong><\/li>\n\n\n\n<li><strong><mark><strong><mark><strong><mark><strong><mark><strong><mark><mark style=\"background-color:#ffffff\" class=\"has-inline-color has-pale-cyan-blue-color\">Sa, 28.06.2025 &#8211; <\/mark><mark style=\"background-color:#ffffff\" class=\"has-inline-color has-pale-pink-color\"><strong><mark><strong><mark><strong><mark><strong><mark><mark style=\"background-color:#ffffff\" class=\"has-inline-color has-pale-cyan-blue-color\">Aqua Nova Wr. Neustadt<\/mark><\/mark><\/strong><\/mark><\/strong><\/mark><\/strong><\/mark><\/strong><\/mark><\/mark><\/strong><\/mark><\/strong><\/mark><\/strong><\/mark><\/strong><\/mark><\/strong><\/li>\n\n\n\n<li><strong><mark style=\"background-color:rgba(0, 0, 0, 0)\" class=\"has-inline-color has-luminous-vivid-orange-color\">Do, 26.06.2025 &#8211; Babysplash &#8211; <strong><mark><mark style=\"background-color:#ffffff\" class=\"has-inline-color has-luminous-vivid-orange-color\">DonauSplash Tulln<\/mark><\/mark><\/strong> &#8211; \u00dcberwasser<\/mark><\/strong><\/li>\n\n\n\n<li><strong><mark><strong><mark><strong><mark><strong><mark><strong><mark><mark style=\"background-color:#ffffff\" class=\"has-inline-color has-pale-cyan-blue-color\">Mo, 23.06.2025 &#8211; <\/mark><mark style=\"background-color:#ffffff\" class=\"has-inline-color has-pale-pink-color\"><strong><mark><strong><mark><strong><mark><strong><mark><mark style=\"background-color:#ffffff\" class=\"has-inline-color has-pale-cyan-blue-color\">Aqua Nova Wr. Neustadt<\/mark><\/mark><\/strong><\/mark><\/strong><\/mark><\/strong><\/mark><\/strong><\/mark><\/mark><\/strong><\/mark><\/strong><\/mark><\/strong><\/mark><\/strong><\/mark><\/strong><\/li>\n\n\n\n<li><strong><mark><strong><mark><strong><mark><strong><mark><strong><mark><mark style=\"background-color:#ffffff\" class=\"has-inline-color has-pale-cyan-blue-color\">Di, 17.06.2025 &#8211; <\/mark><mark style=\"background-color:#ffffff\" class=\"has-inline-color has-pale-pink-color\"><strong><mark><strong><mark><strong><mark><strong><mark><mark style=\"background-color:#ffffff\" class=\"has-inline-color has-pale-cyan-blue-color\">Aqua Nova Wr. Neustadt<\/mark><\/mark><\/strong><\/mark><\/strong><\/mark><\/strong><\/mark><\/strong><\/mark><\/mark><\/strong><\/mark><\/strong><\/mark><\/strong><\/mark><\/strong><\/mark><\/strong><\/li>\n\n\n\n<li><strong><mark><strong><mark><strong><mark><strong><mark><strong><mark><mark style=\"background-color:#ffffff\" class=\"has-inline-color has-black-color\"><strong><mark><mark style=\"background-color:#ffffff\" class=\"has-inline-color has-vivid-green-cyan-color\">So, 15.06.2025 &#8211; Baby-Kinder-Schwimmschule.at &#8211; Therme Wien &#8211; \u00dcberwasser<\/mark><\/mark><\/strong><\/mark><\/mark><\/strong><\/mark><\/strong><\/mark><\/strong><\/mark><\/strong><\/mark><\/strong><\/li>\n\n\n\n<li><strong><mark style=\"background-color:rgba(0, 0, 0, 0)\" class=\"has-inline-color has-luminous-vivid-orange-color\">Fr, 13.06.2025 &#8211; Babysplash &#8211; Florian Berndl Bad Bisamberg &#8211; \u00dcberwasser<\/mark><\/strong><\/li>\n\n\n\n<li><strong><mark><strong><mark><strong><mark><strong><mark><strong><mark><mark style=\"background-color:#ffffff\" class=\"has-inline-color has-black-color\"><strong><mark><mark style=\"background-color:#ffffff\" class=\"has-inline-color has-vivid-green-cyan-color\">Do (VM), 12.06.2025 &#8211; Baby-Kinder-Schwimmschule.at &#8211; Therme Wien &#8211; \u00dcberwasser<\/mark><\/mark><\/strong><\/mark><\/mark><\/strong><\/mark><\/strong><\/mark><\/strong><\/mark><\/strong><\/mark><\/strong><\/li>\n\n\n\n<li><strong><mark><mark style=\"background-color:#ffffff\" class=\"has-inline-color has-light-green-cyan-color\"><strong><mark style=\"background-color:rgba(0, 0, 0, 0)\" class=\"has-inline-color has-luminous-vivid-orange-color\">Mi, 11.06.2025 &#8211; Babysplash &#8211; Regionalbad G\u00e4nserndorf &#8211; \u00dcberwasser<\/mark><\/strong><\/mark><\/mark><\/strong><\/li>\n\n\n\n<li><strong><mark><mark style=\"background-color:#ffffff\" class=\"has-inline-color has-light-green-cyan-color\"><strong><mark><mark style=\"background-color:#ffffff\" class=\"has-inline-color has-light-green-cyan-color\">Do, 05.06.2025<\/mark><\/mark><\/strong> &#8211; Baby-Kinder-Schwimmschule.at &#8211; R\u00f6mertherme Baden &#8211; \u00dcberwasser<\/mark><\/mark><\/strong><\/li>\n\n\n\n<li><strong><mark><mark style=\"background-color:#ffffff\" class=\"has-inline-color has-light-green-cyan-color\">Di, 03.06.2025 &#8211; Baby-Kinder-Schwimmschule.at &#8211; R\u00f6mertherme Baden &#8211; \u00dcberwasser<\/mark><\/mark><\/strong><\/li>\n\n\n\n<li><strong><mark style=\"background-color:rgba(0, 0, 0, 0)\" class=\"has-inline-color has-luminous-vivid-orange-color\">Mo, 02.06.2025 &#8211; Babysplash &#8211; <strong><mark><mark style=\"background-color:#ffffff\" class=\"has-inline-color has-luminous-vivid-orange-color\">DonauSplash Tulln<\/mark><\/mark><\/strong> &#8211; \u00dcberwasser<\/mark><\/strong><\/li>\n\n\n\n<li><strong><mark><strong><mark><strong><mark><strong><mark><strong><mark><mark style=\"background-color:#ffffff\" class=\"has-inline-color has-black-color\"><strong><mark><mark style=\"background-color:#ffffff\" class=\"has-inline-color has-vivid-green-cyan-color\">Do (NM), 22.05.2025 &#8211; Baby-Kinder-Schwimmschule.at &#8211; Therme Wien &#8211; \u00dcberwasser<\/mark><\/mark><\/strong><\/mark><\/mark><\/strong><\/mark><\/strong><\/mark><\/strong><\/mark><\/strong><\/mark><\/strong><\/li>\n\n\n\n<li><strong><mark style=\"background-color:rgba(0, 0, 0, 0)\" class=\"has-inline-color has-luminous-vivid-orange-color\">Do, 22.05.2025 &#8211; Babysplash &#8211; Florian Berndl Bad Bisamberg &#8211; \u00dcberwasser<\/mark><\/strong><\/li>\n\n\n\n<li><strong><mark style=\"background-color:rgba(0, 0, 0, 0)\" class=\"has-inline-color has-luminous-vivid-orange-color\">So, 18.05.2025 &#8211; Babysplash &#8211; Florian Berndl Bad Bisamberg<\/mark><\/strong><\/li>\n\n\n\n<li><strong><mark><strong><mark><strong><mark><strong><mark><strong><mark><mark style=\"background-color:#ffffff\" class=\"has-inline-color has-black-color\"><strong><mark><mark style=\"background-color:#ffffff\" class=\"has-inline-color has-vivid-green-cyan-color\">Mo, 12.05.2025 &#8211; Baby-Kinder-Schwimmschule.at &#8211; Therme Wien &#8211; \u00dcberwasser<\/mark><\/mark><\/strong><\/mark><\/mark><\/strong><\/mark><\/strong><\/mark><\/strong><\/mark><\/strong><\/mark><\/strong><\/li>\n\n\n\n<li><strong><mark><strong><mark><strong><mark><strong><mark><strong><mark><mark style=\"background-color:#ffffff\" class=\"has-inline-color has-black-color\"><strong><mark><mark style=\"background-color:#ffffff\" class=\"has-inline-color has-vivid-green-cyan-color\">Sa, 10.05.2025 &#8211; Baby-Kinder-Schwimmschule.at &#8211; Therme Wien &#8211; \u00dcberwasser<\/mark><\/mark><\/strong><\/mark><\/mark><\/strong><\/mark><\/strong><\/mark><\/strong><\/mark><\/strong><\/mark><\/strong><\/li>\n\n\n\n<li><strong><mark style=\"background-color:rgba(0, 0, 0, 0)\" class=\"has-inline-color has-luminous-vivid-orange-color\">Fr, 11.04.2025 &#8211; Babysplash &#8211; Florian Berndl Bad Bisamberg &#8211; \u00dcberwasser<\/mark><\/strong><\/li>\n\n\n\n<li><strong><mark><mark style=\"background-color:#ffffff\" class=\"has-inline-color has-luminous-vivid-orange-color\">Mo, 07.04.2025 &#8211; Babysplash &#8211; DonauSplash Tulln &#8211; \u00dcberwasser<\/mark><\/mark><\/strong><\/li>\n\n\n\n<li><strong><mark style=\"background-color:rgba(0, 0, 0, 0)\" class=\"has-inline-color has-luminous-vivid-orange-color\">Mi, 02.04.2025 &#8211; Babysplash &#8211; Regionalbad G\u00e4nserndorf &#8211; \u00dcberwasser<\/mark><\/strong><\/li>\n\n\n\n<li><strong><mark style=\"background-color:rgba(0, 0, 0, 0)\" class=\"has-inline-color has-vivid-cyan-blue-color\">So, 23.03.2025 &#8211; Happy-Blubb &#8211; Donaust\u00e4dter Bad- \u00dcberwasser<\/mark><\/strong><\/li>\n\n\n\n<li><strong><mark><strong><mark><strong><mark><strong><mark><strong><mark><mark style=\"background-color:#ffffff\" class=\"has-inline-color has-black-color\"><strong><mark><mark style=\"background-color:#ffffff\" class=\"has-inline-color has-vivid-green-cyan-color\"><strong><mark><mark style=\"background-color:#ffffff\" class=\"has-inline-color has-light-green-cyan-color\">Do, 20.03.2025 &#8211; Baby-Kinder-Schwimmschule.at &#8211; R\u00f6mertherme Baden &#8211; \u00dcberwasser<\/mark><\/mark><\/strong><\/mark><\/mark><\/strong><\/mark><\/mark><\/strong><\/mark><\/strong><\/mark><\/strong><\/mark><\/strong><\/mark><\/strong><\/li>\n\n\n\n<li><strong><mark><strong><mark><strong><mark><strong><mark><strong><mark><mark style=\"background-color:#ffffff\" class=\"has-inline-color has-black-color\"><strong><mark><mark style=\"background-color:#ffffff\" class=\"has-inline-color has-vivid-green-cyan-color\"><strong><mark><mark style=\"background-color:#ffffff\" class=\"has-inline-color has-light-green-cyan-color\">Mi, 19.03.2025 &#8211; Baby-Kinder-Schwimmschule.at &#8211; R\u00f6mertherme Baden &#8211; \u00dcberwasser<\/mark><\/mark><\/strong><\/mark><\/mark><\/strong><\/mark><\/mark><\/strong><\/mark><\/strong><\/mark><\/strong><\/mark><\/strong><\/mark><\/strong><\/li>\n\n\n\n<li><strong><mark><strong><mark><strong><mark><strong><mark><strong><mark><mark style=\"background-color:#ffffff\" class=\"has-inline-color has-black-color\"><strong><mark><mark style=\"background-color:#ffffff\" class=\"has-inline-color has-vivid-green-cyan-color\">So, 16.03.2025 &#8211; Baby-Kinder-Schwimmschule.at &#8211; Therme Wien &#8211; \u00dcberwasser<\/mark><\/mark><\/strong><\/mark><\/mark><\/strong><\/mark><\/strong><\/mark><\/strong><\/mark><\/strong><\/mark><\/strong><\/li>\n\n\n\n<li><strong><mark style=\"background-color:rgba(0, 0, 0, 0)\" class=\"has-inline-color has-luminous-vivid-orange-color\">Do, 13.03.2025 &#8211; Babysplash &#8211; Florian Berndl Bad Bisamberg &#8211; \u00dcberwasser<\/mark><\/strong><\/li>\n\n\n\n<li><strong><mark><strong><mark><strong><mark><strong><mark><strong><mark><mark style=\"background-color:#ffffff\" class=\"has-inline-color has-black-color\"><strong><mark><mark style=\"background-color:#ffffff\" class=\"has-inline-color has-vivid-green-cyan-color\"><strong><mark><mark style=\"background-color:#ffffff\" class=\"has-inline-color has-light-green-cyan-color\">Di, 11.03.2025 &#8211; Baby-Kinder-Schwimmschule.at &#8211; R\u00f6mertherme Baden &#8211; \u00dcberwasser<\/mark><\/mark><\/strong><\/mark><\/mark><\/strong><\/mark><\/mark><\/strong><\/mark><\/strong><\/mark><\/strong><\/mark><\/strong><\/mark><\/strong><\/li>\n\n\n\n<li><strong><mark><strong><mark><strong><mark><strong><mark><strong><mark><mark style=\"background-color:#ffffff\" class=\"has-inline-color has-black-color\"><strong><mark><mark style=\"background-color:#ffffff\" class=\"has-inline-color has-vivid-green-cyan-color\">Mo, 03.03.2025 &#8211; Baby-Kinder-Schwimmschule.at &#8211; Therme Wien &#8211; \u00dcberwasser<\/mark><\/mark><\/strong><\/mark><\/mark><\/strong><\/mark><\/strong><\/mark><\/strong><\/mark><\/strong><\/mark><\/strong><\/li>\n\n\n\n<li><strong><mark><mark style=\"background-color:#ffffff\" class=\"has-inline-color has-vivid-green-cyan-color\">Do, 27.02.2025 &#8211; Baby-Kinder-Schwimmschule.at &#8211; Therme Wien &#8211; \u00dcberwasser<\/mark><\/mark><\/strong><\/li>\n\n\n\n<li><em>&#8230;Zugangsdaten zu weiteren vergangenen Fotoshootings beim Babyschwimmen gerne auf <a href=\"https:\/\/slauschek.photography\/cms\/photoshoots-anfrageformular\/\" type=\"page\" id=\"7775\"><strong>Anfrage&#8230;<\/strong><\/a><\/em><\/li>\n<\/ul>\n","protected":false},"excerpt":{"rendered":"","protected":false},"author":2,"featured_media":158,"parent":6318,"menu_order":38,"comment_status":"closed","ping_status":"closed","template":"","meta":{"jetpack_post_was_ever_published":false,"footnotes":""},"class_list":["post-102","page","type-page","status-publish","has-post-thumbnail","hentry"],"yoast_head":"<!-- This site is optimized with the Yoast SEO plugin v27.4 - https:\/\/yoast.com\/product\/yoast-seo-wordpress\/ -->\n<title>Fotobestellungen im ONLINE-Shop - Slauschek.Photography<\/title>\n<meta name=\"robots\" content=\"index, follow, max-snippet:-1, max-image-preview:large, max-video-preview:-1\" \/>\n<link rel=\"canonical\" href=\"https:\/\/slauschek.photography\/cms\/h2o-babyfotos\/h2o-bf-fotobestellungen\/\" \/>\n<meta property=\"og:locale\" content=\"de_DE\" \/>\n<meta property=\"og:type\" content=\"article\" \/>\n<meta property=\"og:title\" content=\"Fotobestellungen im ONLINE-Shop - Slauschek.Photography\" \/>\n<meta property=\"og:url\" content=\"https:\/\/slauschek.photography\/cms\/h2o-babyfotos\/h2o-bf-fotobestellungen\/\" \/>\n<meta property=\"og:site_name\" content=\"Slauschek.Photography\" \/>\n<meta property=\"article:modified_time\" content=\"2026-04-21T21:59:48+00:00\" \/>\n<meta property=\"og:image\" content=\"https:\/\/slauschek.photography\/cms\/wp-content\/uploads\/2021\/04\/BS-180226-086.jpg\" \/>\n\t<meta property=\"og:image:width\" content=\"2048\" \/>\n\t<meta property=\"og:image:height\" content=\"2048\" \/>\n\t<meta property=\"og:image:type\" content=\"image\/jpeg\" \/>\n<meta name=\"twitter:card\" content=\"summary_large_image\" \/>\n<meta name=\"twitter:label1\" content=\"Gesch\u00e4tzte Lesezeit\" \/>\n\t<meta name=\"twitter:data1\" content=\"5\u00a0Minuten\" \/>\n<script type=\"application\/ld+json\" class=\"yoast-schema-graph\">{\"@context\":\"https:\\\/\\\/schema.org\",\"@graph\":[{\"@type\":\"WebPage\",\"@id\":\"https:\\\/\\\/slauschek.photography\\\/cms\\\/h2o-babyfotos\\\/h2o-bf-fotobestellungen\\\/\",\"url\":\"https:\\\/\\\/slauschek.photography\\\/cms\\\/h2o-babyfotos\\\/h2o-bf-fotobestellungen\\\/\",\"name\":\"Fotobestellungen im ONLINE-Shop - Slauschek.Photography\",\"isPartOf\":{\"@id\":\"https:\\\/\\\/slauschek.photography\\\/cms\\\/#website\"},\"primaryImageOfPage\":{\"@id\":\"https:\\\/\\\/slauschek.photography\\\/cms\\\/h2o-babyfotos\\\/h2o-bf-fotobestellungen\\\/#primaryimage\"},\"image\":{\"@id\":\"https:\\\/\\\/slauschek.photography\\\/cms\\\/h2o-babyfotos\\\/h2o-bf-fotobestellungen\\\/#primaryimage\"},\"thumbnailUrl\":\"https:\\\/\\\/slauschek.photography\\\/cms\\\/wp-content\\\/uploads\\\/2021\\\/04\\\/BS-180226-086.jpg\",\"datePublished\":\"2021-04-14T12:06:12+00:00\",\"dateModified\":\"2026-04-21T21:59:48+00:00\",\"breadcrumb\":{\"@id\":\"https:\\\/\\\/slauschek.photography\\\/cms\\\/h2o-babyfotos\\\/h2o-bf-fotobestellungen\\\/#breadcrumb\"},\"inLanguage\":\"de\",\"potentialAction\":[{\"@type\":\"ReadAction\",\"target\":[\"https:\\\/\\\/slauschek.photography\\\/cms\\\/h2o-babyfotos\\\/h2o-bf-fotobestellungen\\\/\"]}]},{\"@type\":\"ImageObject\",\"inLanguage\":\"de\",\"@id\":\"https:\\\/\\\/slauschek.photography\\\/cms\\\/h2o-babyfotos\\\/h2o-bf-fotobestellungen\\\/#primaryimage\",\"url\":\"https:\\\/\\\/slauschek.photography\\\/cms\\\/wp-content\\\/uploads\\\/2021\\\/04\\\/BS-180226-086.jpg\",\"contentUrl\":\"https:\\\/\\\/slauschek.photography\\\/cms\\\/wp-content\\\/uploads\\\/2021\\\/04\\\/BS-180226-086.jpg\",\"width\":2048,\"height\":2048},{\"@type\":\"BreadcrumbList\",\"@id\":\"https:\\\/\\\/slauschek.photography\\\/cms\\\/h2o-babyfotos\\\/h2o-bf-fotobestellungen\\\/#breadcrumb\",\"itemListElement\":[{\"@type\":\"ListItem\",\"position\":1,\"name\":\"Startseite\",\"item\":\"https:\\\/\\\/slauschek.photography\\\/cms\\\/\"},{\"@type\":\"ListItem\",\"position\":2,\"name\":\"H2O-Babyfotos\",\"item\":\"https:\\\/\\\/slauschek.photography\\\/cms\\\/h2o-babyfotos\\\/\"},{\"@type\":\"ListItem\",\"position\":3,\"name\":\"Fotobestellungen im ONLINE-Shop\"}]},{\"@type\":\"WebSite\",\"@id\":\"https:\\\/\\\/slauschek.photography\\\/cms\\\/#website\",\"url\":\"https:\\\/\\\/slauschek.photography\\\/cms\\\/\",\"name\":\"Slauschek.Photography\",\"description\":\"Passion meets profession!\",\"potentialAction\":[{\"@type\":\"SearchAction\",\"target\":{\"@type\":\"EntryPoint\",\"urlTemplate\":\"https:\\\/\\\/slauschek.photography\\\/cms\\\/?s={search_term_string}\"},\"query-input\":{\"@type\":\"PropertyValueSpecification\",\"valueRequired\":true,\"valueName\":\"search_term_string\"}}],\"inLanguage\":\"de\"}]}<\/script>\n<!-- \/ Yoast SEO plugin. -->","yoast_head_json":{"title":"Fotobestellungen im ONLINE-Shop - Slauschek.Photography","robots":{"index":"index","follow":"follow","max-snippet":"max-snippet:-1","max-image-preview":"max-image-preview:large","max-video-preview":"max-video-preview:-1"},"canonical":"https:\/\/slauschek.photography\/cms\/h2o-babyfotos\/h2o-bf-fotobestellungen\/","og_locale":"de_DE","og_type":"article","og_title":"Fotobestellungen im ONLINE-Shop - Slauschek.Photography","og_url":"https:\/\/slauschek.photography\/cms\/h2o-babyfotos\/h2o-bf-fotobestellungen\/","og_site_name":"Slauschek.Photography","article_modified_time":"2026-04-21T21:59:48+00:00","og_image":[{"width":2048,"height":2048,"url":"https:\/\/slauschek.photography\/cms\/wp-content\/uploads\/2021\/04\/BS-180226-086.jpg","type":"image\/jpeg"}],"twitter_card":"summary_large_image","twitter_misc":{"Gesch\u00e4tzte Lesezeit":"5\u00a0Minuten"},"schema":{"@context":"https:\/\/schema.org","@graph":[{"@type":"WebPage","@id":"https:\/\/slauschek.photography\/cms\/h2o-babyfotos\/h2o-bf-fotobestellungen\/","url":"https:\/\/slauschek.photography\/cms\/h2o-babyfotos\/h2o-bf-fotobestellungen\/","name":"Fotobestellungen im ONLINE-Shop - Slauschek.Photography","isPartOf":{"@id":"https:\/\/slauschek.photography\/cms\/#website"},"primaryImageOfPage":{"@id":"https:\/\/slauschek.photography\/cms\/h2o-babyfotos\/h2o-bf-fotobestellungen\/#primaryimage"},"image":{"@id":"https:\/\/slauschek.photography\/cms\/h2o-babyfotos\/h2o-bf-fotobestellungen\/#primaryimage"},"thumbnailUrl":"https:\/\/slauschek.photography\/cms\/wp-content\/uploads\/2021\/04\/BS-180226-086.jpg","datePublished":"2021-04-14T12:06:12+00:00","dateModified":"2026-04-21T21:59:48+00:00","breadcrumb":{"@id":"https:\/\/slauschek.photography\/cms\/h2o-babyfotos\/h2o-bf-fotobestellungen\/#breadcrumb"},"inLanguage":"de","potentialAction":[{"@type":"ReadAction","target":["https:\/\/slauschek.photography\/cms\/h2o-babyfotos\/h2o-bf-fotobestellungen\/"]}]},{"@type":"ImageObject","inLanguage":"de","@id":"https:\/\/slauschek.photography\/cms\/h2o-babyfotos\/h2o-bf-fotobestellungen\/#primaryimage","url":"https:\/\/slauschek.photography\/cms\/wp-content\/uploads\/2021\/04\/BS-180226-086.jpg","contentUrl":"https:\/\/slauschek.photography\/cms\/wp-content\/uploads\/2021\/04\/BS-180226-086.jpg","width":2048,"height":2048},{"@type":"BreadcrumbList","@id":"https:\/\/slauschek.photography\/cms\/h2o-babyfotos\/h2o-bf-fotobestellungen\/#breadcrumb","itemListElement":[{"@type":"ListItem","position":1,"name":"Startseite","item":"https:\/\/slauschek.photography\/cms\/"},{"@type":"ListItem","position":2,"name":"H2O-Babyfotos","item":"https:\/\/slauschek.photography\/cms\/h2o-babyfotos\/"},{"@type":"ListItem","position":3,"name":"Fotobestellungen im ONLINE-Shop"}]},{"@type":"WebSite","@id":"https:\/\/slauschek.photography\/cms\/#website","url":"https:\/\/slauschek.photography\/cms\/","name":"Slauschek.Photography","description":"Passion meets profession!","potentialAction":[{"@type":"SearchAction","target":{"@type":"EntryPoint","urlTemplate":"https:\/\/slauschek.photography\/cms\/?s={search_term_string}"},"query-input":{"@type":"PropertyValueSpecification","valueRequired":true,"valueName":"search_term_string"}}],"inLanguage":"de"}]}},"jetpack_sharing_enabled":true,"_links":{"self":[{"href":"https:\/\/slauschek.photography\/cms\/wp-json\/wp\/v2\/pages\/102","targetHints":{"allow":["GET"]}}],"collection":[{"href":"https:\/\/slauschek.photography\/cms\/wp-json\/wp\/v2\/pages"}],"about":[{"href":"https:\/\/slauschek.photography\/cms\/wp-json\/wp\/v2\/types\/page"}],"author":[{"embeddable":true,"href":"https:\/\/slauschek.photography\/cms\/wp-json\/wp\/v2\/users\/2"}],"replies":[{"embeddable":true,"href":"https:\/\/slauschek.photography\/cms\/wp-json\/wp\/v2\/comments?post=102"}],"version-history":[{"count":444,"href":"https:\/\/slauschek.photography\/cms\/wp-json\/wp\/v2\/pages\/102\/revisions"}],"predecessor-version":[{"id":11733,"href":"https:\/\/slauschek.photography\/cms\/wp-json\/wp\/v2\/pages\/102\/revisions\/11733"}],"up":[{"embeddable":true,"href":"https:\/\/slauschek.photography\/cms\/wp-json\/wp\/v2\/pages\/6318"}],"wp:featuredmedia":[{"embeddable":true,"href":"https:\/\/slauschek.photography\/cms\/wp-json\/wp\/v2\/media\/158"}],"wp:attachment":[{"href":"https:\/\/slauschek.photography\/cms\/wp-json\/wp\/v2\/media?parent=102"}],"curies":[{"name":"wp","href":"https:\/\/api.w.org\/{rel}","templated":true}]}}