{"id":3,"date":"2019-08-01T11:04:46","date_gmt":"2019-08-01T09:04:46","guid":{"rendered":"http:\/\/slauschek.photography\/cms\/?page_id=3"},"modified":"2024-10-08T21:07:29","modified_gmt":"2024-10-08T19:07:29","slug":"datenschutzerklaerung","status":"publish","type":"page","link":"https:\/\/slauschek.photography\/cms\/datenschutzerklaerung\/","title":{"rendered":"Datenschutzerkl\u00e4rung"},"content":{"rendered":"\n<h5 class=\"wp-block-heading\">Vorwort<\/h5>\n\n\n\n<p>In unserem Unternehmen werden Daten verarbeitet, gespeichert und gesendet, f\u00fcr die wir ein hohes Ma\u00df an Datenschutz und Datensicherheit gew\u00e4hrleisten.<br>Dies gilt f\u00fcr Daten von Kunden, Interessenten und Gesch\u00e4ftspartnern genauso wie f\u00fcr eventuelle Mitarbeiterdaten. Denn Datenschutz ist Schutz der Person.<br>Es ist f\u00fcr uns die Basis f\u00fcr vertrauensvolle Gesch\u00e4ftsbeziehungen, die Pers\u00f6nlichkeitsrechte und die Privatsph\u00e4re jedes Einzelnen zu wahren.<br>In unserem Unternehmen gelten strenge Voraussetzungen f\u00fcr die Verarbeitung pers\u00f6nlich bezogene Daten von Kunden, Interessenten, Gesch\u00e4ftspartnern und Mitarbeitern. Diese entsprechen den Anforderungen der Europ\u00e4ischen Datenschutzgrundverordnung (DSGVO) und dem Datenschutzanpassungsgesetz 2018.<\/p>\n\n\n\n<p>Brunn am Gebirge,<br>im Oktober 2024<\/p>\n\n\n\n<h5 class=\"wp-block-heading\">1. Verarbeitung pers\u00f6nlich bezogener Daten<\/h5>\n\n\n\n<p>Unter pers\u00f6nlich bezogenen Daten verstehen wir Informationen zur Identit\u00e4t betroffener Personen, wie beispielsweise deren Namen, E-Mail-Adresse, Telefonnummer, Bankdaten oder Postanschrift. Betroffene Personen sind jene, deren pers\u00f6nlich bezogene Daten wir verarbeiten. <br>Diese Daten werden u.a. auf Grundlage gesetzlicher Berechtigungen erhoben.<\/p>\n\n\n\n<h6 class=\"wp-block-heading\">1.1 Fairness und Rechtm\u00e4\u00dfigkeit<\/h6>\n\n\n\n<p>Bei der Verarbeitung pers\u00f6nlich bezogener Daten werden wir die Pers\u00f6nlichkeitsrechte der Betroffenen wahren. Pers\u00f6nlich bezogene Daten werden wir stets auf rechtm\u00e4\u00dfige Weise, nach Treu und Glauben und in einer f\u00fcr die betroffenen Personen nachvollziehbaren Weise verarbeiten.<\/p>\n\n\n\n<h6 class=\"wp-block-heading\">1.2 Zweckbindung<\/h6>\n\n\n\n<p>Die Verarbeitung pers\u00f6nlich bezogener Daten darf lediglich jene Zwecke verfolgen, die vor der Erhebung der Daten festgelegt wurden. Nachtr\u00e4gliche \u00c4nderungen der Zwecke sind nur eingeschr\u00e4nkt m\u00f6glich und bed\u00fcrfen einer Rechtfertigung.<br>F\u00fcr jede \u00fcber Punkt 1 unserer Datenschutzerkl\u00e4rung hinausgehende Nutzung der personenbezogenen Daten und die Erhebung zus\u00e4tzlicher Informationen, bedarf es der Einwilligung des Betroffenen. <\/p>\n\n\n\n<h6 class=\"wp-block-heading\">1.3 Sachliche Richtigkeit<\/h6>\n\n\n\n<p>Pers\u00f6nlich bezogene Daten sind richtig, vollst\u00e4ndig und auf dem aktuellen Stand zu speichern. Wir treffen daher passende Ma\u00dfnahmen, um sicherzustellen, dass nichtzutreffende, unvollst\u00e4ndige oder veraltete Daten gel\u00f6scht, berichtigt, erg\u00e4nzt oder aktualisiert werden.<\/p>\n\n\n\n<h6 class=\"wp-block-heading\">1.4 Transparenz<\/h6>\n\n\n\n<p>Pers\u00f6nlich bezogene Daten erheben wir bei den betroffenen Personen selbst. Wir nehmen auch die Dienste gewerblicher Adressvermittler in Anspruch.<br>Pers\u00f6nlich bezogene Daten verwenden wir im Rahmen der gesch\u00e4ftlichen Administration in unserer Buchhaltung, der Personalverwaltung und im Marketing.<\/p>\n\n\n\n<h6 class=\"wp-block-heading\">1.5 Datenvermeidung und Datensparsamkeit<\/h6>\n\n\n\n<p>Wir erheben pers\u00f6nlich bezogene Daten nur in dem Umfang, der f\u00fcr den angestrebten Zweck notwendig ist.<\/p>\n\n\n\n<h6 class=\"wp-block-heading\">1.6 L\u00f6schung von Daten<\/h6>\n\n\n\n<p>Pers\u00f6nlich bezogene Daten, die nach Ablauf von gesetzlichen oder gesch\u00e4ftsprozessbezogenen Aufbewahrungsfristen nicht mehr erforderlich sind, werden wir l\u00f6schen. Bestehen im Einzelfall Anhaltspunkte f\u00fcr schutzw\u00fcrdige Interessen oder f\u00fcr eine historische Bedeutung dieser Daten, m\u00fcssen wir die Daten weiter speichern, bis das schutzw\u00fcrdige Interesse rechtlich gekl\u00e4rt wurde.<\/p>\n\n\n\n<h6 class=\"wp-block-heading\">1.7 Vertraulichkeit und Datensicherheit<\/h6>\n\n\n\n<p>F\u00fcr pers\u00f6nlich bezogene Daten gilt das Datengeheimnis. Sie werden im pers\u00f6nlichen Umgang vertraulich behandelt. Im Rahmen unserer M\u00f6glichkeiten treffen wir angemessene organisatorische und technische Ma\u00dfnahmen gegen unberechtigten Zugriff, unrechtm\u00e4\u00dfige Verarbeitung oder Weitergabe, sowie versehentlichen Verlust, Ver\u00e4nderung oder Zerst\u00f6rung.<\/p>\n\n\n\n<h5 class=\"wp-block-heading\">2. Rechtm\u00e4\u00dfigkeit der Datenverarbeitung<\/h5>\n\n\n\n<p>Die Erhebung, Verarbeitung und Nutzung pers\u00f6nlich bezogene Daten ist nur rechtm\u00e4\u00dfig, wenn eine der nachfolgenden Bedingungen vorliegt. \u00c4ndert sich der Zweck gegen\u00fcber der urspr\u00fcnglichen Bestimmung, ist daf\u00fcr erneut eine Rechtsgrundlage nachzuweisen.<\/p>\n\n\n\n<h6 class=\"wp-block-heading\">2.1 Datenverarbeitung f\u00fcr eine vertragliche Beziehung<\/h6>\n\n\n\n<p>Pers\u00f6nlich bezogene Daten von betroffenen Interessenten, Kunden oder Partnern d\u00fcrfen zur Begr\u00fcndung, zur Durchf\u00fchrung und zur Beendigung eines Vertrages verarbeitet werden. Dies umfasst auch die Betreuung der Vertragspartner, sofern dies im Zusammenhang mit dem Vertragszweck steht.<\/p>\n\n\n\n<p>Interessenten d\u00fcrfen w\u00e4hrend der Vertragsanbahnung unter Verwendung der Daten kontaktiert werden, die sie mitgeteilt haben. Eventuell vom Interessenten ge\u00e4u\u00dferte Einschr\u00e4nkungen sind zu beachten.<\/p>\n\n\n\n<h6 class=\"wp-block-heading\">2.2 Datenverarbeitung zu Werbezwecken<\/h6>\n\n\n\n<p>Wendet sich der Betroffene mit einem Informationsanliegen an unser Unternehmen, wie beispielsweise nach Zusendung von Informationsmaterial zu einem Produkt oder einer Leistung, so ist die Datenverarbeitung f\u00fcr die Erf\u00fcllung dieses Anliegens zul\u00e4ssig.<\/p>\n\n\n\n<h6 class=\"wp-block-heading\">2.3 Freiwillige Einwilligung<\/h6>\n\n\n\n<p>Die betroffene Person ist \u00fcber die Freiwilligkeit der Angabe von Daten ausschlie\u00dflich f\u00fcr Werbezwecke zu informieren. Von der betroffenen Person ist eine klare und deutliche Einwilligung in die Verarbeitung ihrer Daten zu Werbezwecken einzuholen. Diese ist in jedem Fall zu dokumentieren.<\/p>\n\n\n\n<p>Bei einem Widerspruch durch die betroffene Person ist eine weitere Verwendung ihrer Daten f\u00fcr diese Zwecke unzul\u00e4ssig und sie m\u00fcssen f\u00fcr diese Zwecke gel\u00f6scht oder eingeschr\u00e4nkt werden.<\/p>\n\n\n\n<h6 class=\"wp-block-heading\">2.4 Datenverarbeitung aufgrund berechtigten Interesses<\/h6>\n\n\n\n<p>Die Verarbeitung pers\u00f6nlich bezogener Daten kann auch erfolgen, wenn dies zur Verwirklichung eines berechtigten Interesses unseres Unternehmens erforderlich ist. Berechtigte Interessen sind in der Regel rechtliche, wie zur Durchsetzung von offenen Forderungen oder wirtschaftliche, wie zur Vermeidung von Vertragsst\u00f6rungen.<\/p>\n\n\n\n<p>Eine Verarbeitung pers\u00f6nlich bezogene Daten aufgrund eines berechtigten Interesses darf nicht erfolgen, wenn es im Einzelfall einen Anhaltspunkt daf\u00fcr gibt, dass schutzw\u00fcrdige Interessen des Betroffenen das Interesse an der Verarbeitung \u00fcberwiegen. Die schutzw\u00fcrdigen Interessen sind f\u00fcr jede Verarbeitung zu pr\u00fcfen.<\/p>\n\n\n\n<h5 class=\"wp-block-heading\">3. Mitarbeiterdaten<\/h5>\n\n\n\n<h6 class=\"wp-block-heading\">3.1 Datenverarbeitung f\u00fcr das Arbeitsverh\u00e4ltnis<\/h6>\n\n\n\n<p>F\u00fcr das Arbeitsverh\u00e4ltnis verarbeiten wir jene pers\u00f6nlich bezogenen Daten, die f\u00fcr die Begr\u00fcndung, Durchf\u00fchrung und Beendigung des Arbeitsvertrages erforderlich sind. Bei der Anbahnung eines Arbeitsverh\u00e4ltnisses d\u00fcrfen pers\u00f6nlich bezogene Daten von Bewerbern verarbeitet werden. Nach Ablehnung sind die Daten des Bewerbers unter Ber\u00fccksichtigung beweisrechtlicher Fristen zu l\u00f6schen, es sei denn, der Bewerber hat in eine weitere Speicherung f\u00fcr einen sp\u00e4teren Auswahlprozess eingewilligt.<\/p>\n\n\n\n<h6 class=\"wp-block-heading\">3.2. Einwilligung in die Datenverarbeitung<\/h6>\n\n\n\n<p>Die Verarbeitung von Mitarbeiterdaten findet aufgrund einer Einwilligung der betroffenen Person statt. Einwilligungserkl\u00e4rungen m\u00fcssen freiwillig abgegeben werden. Unfreiwillige Einwilligungen sind unwirksam.<\/p>\n\n\n\n<h5 class=\"wp-block-heading\">4. \u00dcbermittlung pers\u00f6nlich bezogener Daten<\/h5>\n\n\n\n<p>Eine \u00dcbermittlung von pers\u00f6nlich bezogenen Daten an Empf\u00e4nger au\u00dferhalb des Unternehmens findet unter Beachtung der Datenschutzgesetze statt. Der Empf\u00e4nger der Daten wird darauf verpflichtet, diese nur zu den festgelegten Zwecken zu verwenden.<\/p>\n\n\n\n<h5 class=\"wp-block-heading\">5. Rechte der betroffenen Person<\/h5>\n\n\n\n<p>Jede betroffene Person kann nachfolgende Rechte wahrnehmen. Ihre Geltendmachung ist unverz\u00fcglich durch den Verantwortlichen zu bearbeiten und sp\u00e4testens innerhalb von 4 Wochen zu beantworten. F\u00fcr die betroffene Person darf die Aus\u00fcbung der Rechte zu keinerlei Nachteilen f\u00fchren.<\/p>\n\n\n\n<ul class=\"wp-block-list\">\n<li>Die betroffene Person kann Auskunft dar\u00fcber verlangen, welche pers\u00f6nlich bezogenen Daten welcher Herkunft \u00fcber sie zu welchem Zweck gespeichert sind.<\/li>\n\n\n\n<li>Werden pers\u00f6nlich bezogene Daten an Dritte \u00fcbermittelt, muss auch \u00fcber die Identit\u00e4t des Empf\u00e4ngers oder \u00fcber die Kategorien von Empf\u00e4ngern Auskunft gegeben werden.<\/li>\n\n\n\n<li>Sollten pers\u00f6nlich bezogene Daten unrichtig oder unvollst\u00e4ndig sein, kann die betroffene Person ihre Berichtigung oder Erg\u00e4nzung verlangen.<\/li>\n\n\n\n<li>Die betroffene Person kann der Verarbeitung ihrer pers\u00f6nlich bezogenen Daten widersprechen. Insbesondere im Zusammenhang mit Direktwerbung hat die betroffene Person das Recht, jederzeit Widerspruch gegen diese Verarbeitung einzulegen; dies gilt auch f\u00fcr das \u201eProfiling\u201c, soweit es mit solcher Direktwerbung in Verbindung steht.<\/li>\n\n\n\n<li>Die betroffene Person ist berechtigt, die L\u00f6schung ihrer Daten zu verlangen, wenn die Rechtsgrundlage f\u00fcr die Verarbeitung der Daten fehlt oder weggefallen ist. Gleiches gilt f\u00fcr den Fall, dass der Zweck der Datenverarbeitung durch Zeitablauf oder aus anderen Gr\u00fcnden entfallen ist.<\/li>\n\n\n\n<li>Bestehende Aufbewahrungspflichten und einer L\u00f6schung entgegenstehende schutzw\u00fcrdige Interessen, wie zur Geltendmachung, Aus\u00fcbung oder Verteidigung von Rechtsanspr\u00fcchen des Verantwortlichen oder Dritter, m\u00fcssen beachtet werden.<\/li>\n\n\n\n<li>Die betroffene Person hat ein grunds\u00e4tzliches Widerspruchsrecht gegen die Verarbeitung ihrer Daten, wenn ihr schutzw\u00fcrdiges Interesse aufgrund einer besonderen pers\u00f6nlichen Situation das Interesse an der Verarbeitung \u00fcberwiegt. Dies gilt nicht, wenn eine Rechtsvorschrift zur Durchf\u00fchrung der Verarbeitung verpflichtet.<\/li>\n\n\n\n<li>Die betroffene Person hat jederzeit ein Beschwerderecht bei der zust\u00e4ndigen Datenschutzbeh\u00f6rde (https:\/\/www.dsb.gv.at\/).<br>.<\/li>\n<\/ul>\n\n\n\n<h5 class=\"wp-block-heading\">6. Google Analytics\/Universal Analytics<\/h5>\n\n\n\n<p>Unsere Website benutzt Google Analytics, einen Webanalysedienst der Google Inc. (\u201eGoogle&#8221;).<\/p>\n\n\n\n<p>Google Analytics verwendet sogenannte \u201eCookies&#8221;, Textdateien, die auf Ihrem Computer gespeichert werden und die eine Analyse der Benutzung der Website durch sie erm\u00f6glichen. Die durch das Cookie erzeugten Informationen \u00fcber Ihre Benutzung dieser Website werden in der Regel an einen Server von Google in den USA \u00fcbertragen und dort gespeichert.<\/p>\n\n\n\n<p>Ihre IP-Adresse wird von Google vor der weiteren Verwendung noch innerhalb von Mitgliedstaaten der Europ\u00e4ischen Union oder in anderen Vertragsstaaten des Abkommens \u00fcber den Europ\u00e4ischen Wirtschaftsraum gek\u00fcrzt und somit nur mehr anonymisiert verwendet. Nur in Ausnahmef\u00e4llen wird die volle IP-Adresse an einen Server von Google in den USA \u00fcbertragen und dort gek\u00fcrzt.<\/p>\n\n\n\n<p>In unserem Auftrag wird Google diese Informationen benutzen, um Ihre Nutzung der Website auszuwerten, um Reports \u00fcber die Websiteaktivit\u00e4ten zusammenzustellen und um weitere mit der Websitenutzung und der Internetnutzung verbundene Dienstleistungen uns gegen\u00fcber zu erbringen. Die im Rahmen von Google Analytics von Ihrem Browser \u00fcbermittelte (verk\u00fcrzte) IP-Adresse wird nicht mit anderen Daten von Google zusammengef\u00fchrt.<\/p>\n\n\n\n<p>Sie k\u00f6nnen die Speicherung der Cookies durch eine entsprechende Einstellung Ihrer Browser-Software verhindern; wir weisen Sie jedoch darauf hin, dass Sie in diesem Fall gegebenenfalls nicht s\u00e4mtliche Funktionen dieser Website vollumf\u00e4nglich werden nutzen k\u00f6nnen.&nbsp;Sie k\u00f6nnen dar\u00fcber hinaus die Erfassung der durch das Cookie erzeugten und auf Ihre Nutzung der Website bezogenen Daten (inkl. Ihrer IP-Adresse) an Google sowie die Verarbeitung dieser Daten durch Google verhindern, indem Sie das entsprechend verf\u00fcgbare <a href=\"https:\/\/tools.google.com\/dlpage\/gaoptout?hl=de\" target=\"_blank\" rel=\"noreferrer noopener\">Browser-Plugin<\/a> herunterladen und installieren.<\/p>\n\n\n\n<p>N\u00e4here Informationen zu Nutzungsbedingungen und Datenschutz von Google Analytics finden Sie unter <a href=\"https:\/\/www.google.de\/intl\/de\/policies\/\" target=\"_blank\" rel=\"noreferrer noopener\">https:\/\/www.google.de\/intl\/de\/policies\/<\/a>.<\/p>\n\n\n\n<h5 class=\"wp-block-heading\">7. Diverses<\/h5>\n\n\n\n<p>F\u00fcr die technische Funktion der Website sind u.a. auch Fonts u.\u00c4. notwendig die z.B. von Google (Alphabet Inc. in den USA) geladen werden. Daf\u00fcr k\u00f6nnte z.B. auch ihre IP-Adresse dorthin weitergeleitet werden.<\/p>\n\n\n\n<h5 class=\"wp-block-heading\">8. Kontaktdaten des Verantwortlichen<\/h5>\n\n\n\n<p><strong>Slauschek.Photography<\/strong><br>Harald Slauschek<br>Franz Grillparzer-Gasse 5<br>A-2345 Brunn am Gebirge \u2013 Austria|Europe<\/p>\n\n\n\n<p><a href=\"https:\/\/slauschek.photography\/cms\/impressum\/\" title=\"Impressum\">Mehr Daten &amp; Impressum&#8230;<\/a><\/p>\n\n\n\n<p><a href=\"https:\/\/slauschek.photography\/cms\/agb\/\">Zu unseren AGB &#8211; Allgemeine Gesch\u00e4ftsbedingungen&#8230;<\/a><\/p>\n","protected":false},"excerpt":{"rendered":"","protected":false},"author":1,"featured_media":0,"parent":0,"menu_order":46,"comment_status":"closed","ping_status":"open","template":"","meta":{"jetpack_post_was_ever_published":false,"footnotes":""},"class_list":["post-3","page","type-page","status-publish","hentry"],"yoast_head":"<!-- This site is optimized with the Yoast SEO plugin v27.4 - https:\/\/yoast.com\/product\/yoast-seo-wordpress\/ -->\n<title>Datenschutzerkl\u00e4rung - Slauschek.Photography<\/title>\n<meta name=\"robots\" content=\"index, follow, max-snippet:-1, max-image-preview:large, max-video-preview:-1\" \/>\n<link rel=\"canonical\" href=\"https:\/\/slauschek.photography\/cms\/datenschutzerklaerung\/\" \/>\n<meta property=\"og:locale\" content=\"de_DE\" \/>\n<meta property=\"og:type\" content=\"article\" \/>\n<meta property=\"og:title\" content=\"Datenschutzerkl\u00e4rung - Slauschek.Photography\" \/>\n<meta property=\"og:url\" content=\"https:\/\/slauschek.photography\/cms\/datenschutzerklaerung\/\" \/>\n<meta property=\"og:site_name\" content=\"Slauschek.Photography\" \/>\n<meta property=\"article:modified_time\" content=\"2024-10-08T19:07:29+00:00\" \/>\n<meta name=\"twitter:card\" content=\"summary_large_image\" \/>\n<meta name=\"twitter:label1\" content=\"Gesch\u00e4tzte Lesezeit\" \/>\n\t<meta name=\"twitter:data1\" content=\"8\u00a0Minuten\" \/>\n<script type=\"application\/ld+json\" class=\"yoast-schema-graph\">{\"@context\":\"https:\\\/\\\/schema.org\",\"@graph\":[{\"@type\":\"WebPage\",\"@id\":\"https:\\\/\\\/slauschek.photography\\\/cms\\\/datenschutzerklaerung\\\/\",\"url\":\"https:\\\/\\\/slauschek.photography\\\/cms\\\/datenschutzerklaerung\\\/\",\"name\":\"Datenschutzerkl\u00e4rung - Slauschek.Photography\",\"isPartOf\":{\"@id\":\"https:\\\/\\\/slauschek.photography\\\/cms\\\/#website\"},\"datePublished\":\"2019-08-01T09:04:46+00:00\",\"dateModified\":\"2024-10-08T19:07:29+00:00\",\"breadcrumb\":{\"@id\":\"https:\\\/\\\/slauschek.photography\\\/cms\\\/datenschutzerklaerung\\\/#breadcrumb\"},\"inLanguage\":\"de\",\"potentialAction\":[{\"@type\":\"ReadAction\",\"target\":[\"https:\\\/\\\/slauschek.photography\\\/cms\\\/datenschutzerklaerung\\\/\"]}]},{\"@type\":\"BreadcrumbList\",\"@id\":\"https:\\\/\\\/slauschek.photography\\\/cms\\\/datenschutzerklaerung\\\/#breadcrumb\",\"itemListElement\":[{\"@type\":\"ListItem\",\"position\":1,\"name\":\"Startseite\",\"item\":\"https:\\\/\\\/slauschek.photography\\\/cms\\\/\"},{\"@type\":\"ListItem\",\"position\":2,\"name\":\"Datenschutzerkl\u00e4rung\"}]},{\"@type\":\"WebSite\",\"@id\":\"https:\\\/\\\/slauschek.photography\\\/cms\\\/#website\",\"url\":\"https:\\\/\\\/slauschek.photography\\\/cms\\\/\",\"name\":\"Slauschek.Photography\",\"description\":\"Passion meets profession!\",\"potentialAction\":[{\"@type\":\"SearchAction\",\"target\":{\"@type\":\"EntryPoint\",\"urlTemplate\":\"https:\\\/\\\/slauschek.photography\\\/cms\\\/?s={search_term_string}\"},\"query-input\":{\"@type\":\"PropertyValueSpecification\",\"valueRequired\":true,\"valueName\":\"search_term_string\"}}],\"inLanguage\":\"de\"}]}<\/script>\n<!-- \/ Yoast SEO plugin. -->","yoast_head_json":{"title":"Datenschutzerkl\u00e4rung - Slauschek.Photography","robots":{"index":"index","follow":"follow","max-snippet":"max-snippet:-1","max-image-preview":"max-image-preview:large","max-video-preview":"max-video-preview:-1"},"canonical":"https:\/\/slauschek.photography\/cms\/datenschutzerklaerung\/","og_locale":"de_DE","og_type":"article","og_title":"Datenschutzerkl\u00e4rung - Slauschek.Photography","og_url":"https:\/\/slauschek.photography\/cms\/datenschutzerklaerung\/","og_site_name":"Slauschek.Photography","article_modified_time":"2024-10-08T19:07:29+00:00","twitter_card":"summary_large_image","twitter_misc":{"Gesch\u00e4tzte Lesezeit":"8\u00a0Minuten"},"schema":{"@context":"https:\/\/schema.org","@graph":[{"@type":"WebPage","@id":"https:\/\/slauschek.photography\/cms\/datenschutzerklaerung\/","url":"https:\/\/slauschek.photography\/cms\/datenschutzerklaerung\/","name":"Datenschutzerkl\u00e4rung - Slauschek.Photography","isPartOf":{"@id":"https:\/\/slauschek.photography\/cms\/#website"},"datePublished":"2019-08-01T09:04:46+00:00","dateModified":"2024-10-08T19:07:29+00:00","breadcrumb":{"@id":"https:\/\/slauschek.photography\/cms\/datenschutzerklaerung\/#breadcrumb"},"inLanguage":"de","potentialAction":[{"@type":"ReadAction","target":["https:\/\/slauschek.photography\/cms\/datenschutzerklaerung\/"]}]},{"@type":"BreadcrumbList","@id":"https:\/\/slauschek.photography\/cms\/datenschutzerklaerung\/#breadcrumb","itemListElement":[{"@type":"ListItem","position":1,"name":"Startseite","item":"https:\/\/slauschek.photography\/cms\/"},{"@type":"ListItem","position":2,"name":"Datenschutzerkl\u00e4rung"}]},{"@type":"WebSite","@id":"https:\/\/slauschek.photography\/cms\/#website","url":"https:\/\/slauschek.photography\/cms\/","name":"Slauschek.Photography","description":"Passion meets profession!","potentialAction":[{"@type":"SearchAction","target":{"@type":"EntryPoint","urlTemplate":"https:\/\/slauschek.photography\/cms\/?s={search_term_string}"},"query-input":{"@type":"PropertyValueSpecification","valueRequired":true,"valueName":"search_term_string"}}],"inLanguage":"de"}]}},"jetpack_sharing_enabled":true,"_links":{"self":[{"href":"https:\/\/slauschek.photography\/cms\/wp-json\/wp\/v2\/pages\/3","targetHints":{"allow":["GET"]}}],"collection":[{"href":"https:\/\/slauschek.photography\/cms\/wp-json\/wp\/v2\/pages"}],"about":[{"href":"https:\/\/slauschek.photography\/cms\/wp-json\/wp\/v2\/types\/page"}],"author":[{"embeddable":true,"href":"https:\/\/slauschek.photography\/cms\/wp-json\/wp\/v2\/users\/1"}],"replies":[{"embeddable":true,"href":"https:\/\/slauschek.photography\/cms\/wp-json\/wp\/v2\/comments?post=3"}],"version-history":[{"count":13,"href":"https:\/\/slauschek.photography\/cms\/wp-json\/wp\/v2\/pages\/3\/revisions"}],"predecessor-version":[{"id":9787,"href":"https:\/\/slauschek.photography\/cms\/wp-json\/wp\/v2\/pages\/3\/revisions\/9787"}],"wp:attachment":[{"href":"https:\/\/slauschek.photography\/cms\/wp-json\/wp\/v2\/media?parent=3"}],"curies":[{"name":"wp","href":"https:\/\/api.w.org\/{rel}","templated":true}]}}