{"id":7015,"date":"2021-04-23T21:20:53","date_gmt":"2021-04-23T19:20:53","guid":{"rendered":"http:\/\/slauschek.photography\/cms\/?page_id=7015"},"modified":"2026-04-27T23:16:14","modified_gmt":"2026-04-27T21:16:14","slug":"partner","status":"publish","type":"page","link":"https:\/\/slauschek.photography\/cms\/partner\/","title":{"rendered":"Partner"},"content":{"rendered":"\n<p class=\"has-text-align-center\">Nachstehende Personen, Organisationen sowie Unternehmen kooperieren mit Slauschek.Photography und die meisten davon unterst\u00fctzen seit Jahren unsere Projekte in bedeutendem Umfang. <br>F\u00fcr alle Seiten entstanden und entstehen dadurch sehr hochwertige Umsetzungen, die ansonsten&nbsp;kaum m\u00f6glich gewesen w\u00e4ren.<br>Wir danken herzlich f\u00fcr das bis dato eingebrachte Engagement und das entgegengebrachte Vertrauen!<br>Wenn auch Sie <strong>an einer Kooperation mit uns<\/strong> <strong>interessiert<\/strong> sind, dann schreiben Sie bitte \u00fcber unser <strong><a href=\"https:\/\/slauschek.photography\/cms\/kontaktformular-sp\/\" title=\"Kontakt\">Kontaktformular&#8230;<\/a><\/strong><\/p>\n\n\n\n\n\n<figure class=\"wp-block-table is-style-stripes\"><table class=\"has-fixed-layout\"><tbody><tr><td class=\"has-text-align-center\" data-align=\"center\"><a href=\"http:\/\/www.subal.com\/\" target=\"_blank\" rel=\"noreferrer noopener\"><img loading=\"lazy\" decoding=\"async\" width=\"300\" height=\"91\" class=\"wp-image-7010\" style=\"width: 300px;\" src=\"https:\/\/slauschek.photography\/cms\/wp-content\/uploads\/2021\/04\/subal_logo-3D-schwarz_30cm-300ppi.png\" alt=\"\"><\/a><br><strong><a href=\"http:\/\/www.subal.com\/\" target=\"_blank\" rel=\"noreferrer noopener\"><kbd>SUBAL<\/kbd><\/a><\/strong> begleitet meine Arbeit unter Wasser seit 2008 und ist damit ein wesentlicher Bestandteil meiner fotografischen Praxis geworden. Die in \u00d6sterreich gefertigten Geh\u00e4use stehen f\u00fcr Pr\u00e4zision und Qualit\u00e4t \u2013 entwickelt auf Basis einer Unternehmensgeschichte, die bis in die fr\u00fchen 1950er-Jahre zur\u00fcckreicht.<br>Im praktischen Einsatz bedeutet das f\u00fcr mich vor allem eines: Verl\u00e4sslichkeit in einem Umfeld, in dem jedes Detail z\u00e4hlt.<\/td><\/tr><tr><td class=\"has-text-align-center\" data-align=\"center\"><a href=\"https:\/\/www.nikon.at\/de_AT\/\" target=\"_blank\" rel=\"noreferrer noopener\"><img decoding=\"async\" style=\"width: 120px;\" src=\"https:\/\/slauschek.photography\/cms\/wp-content\/uploads\/2021\/04\/Nikon_Logo_5cm_300dpi.jpg\" alt=\"\"><\/a><br>Mit <strong><a href=\"https:\/\/www.nikon.at\/de_AT\/\" target=\"_blank\" rel=\"noreferrer noopener\"><kbd>Nikon<\/kbd><\/a><\/strong> hat meine fotografische Entwicklung im Unterwasserbereich ihren Anfang genommen. Seit 1998 arbeite ich mit Nikon-Systemen \u2013 eine Konstante, die meinen fotografischen Weg bis heute begleitet. Als Hersteller blickt Nikon auf eine Geschichte zur\u00fcck, die bis 1948 in der Entwicklung von Kameras f\u00fcr Fotograf*innen reicht. Diese Kombination aus technologischer Erfahrung und kontinuierlicher Weiterentwicklung bildet f\u00fcr mich die Grundlage meiner Arbeit unter Wasser.<br><\/td><\/tr><tr><td class=\"has-text-align-center\" data-align=\"center\"><a href=\"http:\/\/www.waterworld.at\/\" target=\"_blank\" rel=\"noreferrer noopener\"><img loading=\"lazy\" decoding=\"async\" width=\"280\" height=\"72\" class=\"wp-image-11804\" style=\"width: 280px;\" src=\"https:\/\/slauschek.photography\/cms\/wp-content\/uploads\/2026\/04\/Logo_WW_CLAIMneu_Rebu_POS.png\" alt=\"\"><\/a><br><strong><a href=\"http:\/\/www.waterworld.at\/\" target=\"_blank\" rel=\"noreferrer noopener\"><kbd>Waterworld<\/kbd><\/a><\/strong> z\u00e4hlt zu den f\u00fchrenden Reiseentwicklern im deutschsprachigen Raum f\u00fcr Tauchreisen in die besten Regionen weltweit. Das Unternehmen gilt seit vielen Jahren als Trendsetter in diesem Bereich \u2013 oft kopiert, aber in seiner Konsequenz und Qualit\u00e4t nicht erreicht. Inhaber und Kopf hinter Waterworld ist Werner Thiele, selbst ein herausragender Unterwasserfotograf. Seit 2012 begleite ich ausgew\u00e4hlte Reisen als FotoPRO und ReisePRO und habe dabei einige der au\u00dfergew\u00f6hnlichsten Tauchregionen fotografisch erleben k\u00f6nnen. <br>Ein Gro\u00dfteil meiner Arbeiten aus <em>Between Breaths<\/em> ist im Rahmen dieser Reisen entstanden.<br>Die Zusammenarbeit ist dabei nicht nur professionell, sondern auch pers\u00f6nlich gewachsen und gepr\u00e4gt von einer langj\u00e4hrigen, freundschaftlichen Verbindung.<\/td><\/tr><tr><td class=\"has-text-align-center\" data-align=\"center\"><a href=\"http:\/\/www.subtronic.de\" target=\"_blank\" rel=\"noreferrer noopener\"><img loading=\"lazy\" decoding=\"async\" width=\"250\" height=\"58\" class=\"wp-image-7042\" style=\"width: 250px;\" src=\"https:\/\/slauschek.photography\/cms\/wp-content\/uploads\/2021\/04\/Subtronic_Logo.png\" alt=\"\"><\/a><br><strong><a href=\"http:\/\/www.subtronic.de\" target=\"_blank\" rel=\"noreferrer noopener\"><kbd>Subtronic<\/kbd><\/a><\/strong> steht seit Jahrzehnten f\u00fcr leistungsstarke und kompromisslos robuste Unterwasserblitze \u2013 entwickelt f\u00fcr den professionellen Einsatz unter anspruchsvollsten Bedingungen.<br>Seit 2011 arbeite ich mit Subtronic-Blitzen und einem vielseitigen Zubeh\u00f6rsystem. Die Systeme sind konsequent auf Einsatzbereitschaft und Zuverl\u00e4ssigkeit ausgelegt \u2013 schn\u00f6rkellos, auf das Wesentliche reduziert. Genau das macht sie f\u00fcr mich unter Wasser so wertvoll.<\/td><\/tr><tr><td class=\"has-text-align-center\" data-align=\"center\"><a href=\"http:\/\/www.fotofairsicherung.de\" target=\"_blank\" rel=\"noreferrer noopener\"><img loading=\"lazy\" decoding=\"async\" width=\"300\" height=\"91\" class=\"wp-image-11743\" style=\"width: 300px;\" src=\"https:\/\/slauschek.photography\/cms\/wp-content\/uploads\/2026\/04\/Fotofairischerung-Logo2-Web-1-scaled.png\" alt=\"\"><\/a><br>Seit 2014 begleitet mich die <strong><a href=\"http:\/\/www.fotofairsicherung.de\" target=\"_blank\" rel=\"noreferrer noopener\"><kbd>Fotofairsicherung<\/kbd><\/a><\/strong> bei der Absicherung meiner fotografischen Arbeit. Das Unternehmen ist auf die Anforderungen von Fotograf*innen spezialisiert und bringt ein tiefes Verst\u00e4ndnis f\u00fcr die Besonderheiten dieses Arbeitsfeldes mit.<br>Gerade im professionellen Einsatz ist es entscheidend, sich auf diesen Bereich verlassen zu k\u00f6nnen \u2013 ohne zus\u00e4tzliche Komplexit\u00e4t im Alltag.<\/td><\/tr><tr><td class=\"has-text-align-center\" data-align=\"center\"><a href=\"https:\/\/technicomp.at\/\" target=\"_blank\" rel=\"noreferrer noopener\"><img loading=\"lazy\" decoding=\"async\" width=\"300\" height=\"62\" class=\"wp-image-11741\" style=\"width: 300px;\" src=\"https:\/\/slauschek.photography\/cms\/wp-content\/uploads\/2026\/04\/Technicomp-Logo_2C-Web-scaled.png\" alt=\"\"><\/a><br><strong><a href=\"https:\/\/technicomp.at\/\" target=\"_blank\" rel=\"noreferrer noopener\">Technicomp<\/a><\/strong> z\u00e4hlt zu den f\u00fchrenden Unternehmen f\u00fcr professionelle Druckl\u00f6sungen und Fine Art Prints in \u00d6sterreich und ist ein sehr wichtiger Partner von Epson, Canon und Hahnem\u00fchle.<br>F\u00fcr mich ist die Zusammenarbeit aber vor allem auch menschlich sehr wertvoll. Im Rahmen von <em>Between Breaths<\/em> sind hier Prints entstanden, die meine fotografische Arbeit in eine physische Form \u00fcbersetzen \u2013 ruhig, pr\u00e4zise und mit einem feinen Gesp\u00fcr f\u00fcr Tonwerte und Bildwirkung.<\/td><\/tr><tr><td class=\"has-text-align-center\" data-align=\"center\"><a href=\"http:\/\/www.foto15.at\" target=\"_blank\" rel=\"noreferrer noopener\"><img loading=\"lazy\" decoding=\"async\" width=\"200\" height=\"78\" class=\"wp-image-10109\" style=\"width: 200px;\" src=\"https:\/\/slauschek.photography\/cms\/wp-content\/uploads\/2025\/05\/Foto15_Logo_mitZusatz_RGB.png\" alt=\"\"><\/a><br><strong><kbd><a href=\"http:\/\/www.foto15.at\" target=\"_blank\" rel=\"noreferrer noopener\">Foto15<\/a><\/kbd><\/strong> begleitet mich seit vielen Jahren bei der Auswahl und Betreuung meines gesamten Fotoequipments. Als spezialisierter Fachh\u00e4ndler verbindet das Unternehmen fundiertes Know-how mit einer sehr pers\u00f6nlichen und direkten Beratung.<br>F\u00fcr mich bedeutet das, Entscheidungen nicht isoliert treffen zu m\u00fcssen, sondern im Austausch die passende L\u00f6sung f\u00fcr die jeweilige fotografische Herausforderung zu finden.<\/td><\/tr><tr><td class=\"has-text-align-center\" data-align=\"center\"><a href=\"http:\/\/www.cyberlab.at\" target=\"_blank\" rel=\"noreferrer noopener\"><\/a><a href=\"http:\/\/www.cyberlab.at\" target=\"_blank\" rel=\"noreferrer noopener\"><img loading=\"lazy\" decoding=\"async\" width=\"250\" height=\"95\" class=\"wp-image-11807\" style=\"width: 250px;\" src=\"https:\/\/slauschek.photography\/cms\/wp-content\/uploads\/2026\/04\/Cyberlab_Logo_DHTFL-RGB.png\" alt=\"\"><\/a><br><strong><kbd><a href=\"http:\/\/www.cyberlab.at\" type=\"link\" id=\"www.cyberlab.at\" target=\"_blank\" rel=\"noreferrer noopener\">Cyberlab<\/a><\/kbd><\/strong> begleitet meine fotografische Arbeit seit vielen Jahren. Zahlreiche Fine Art Prints und Ausstellungsarbeiten wurden dort bereits realisiert.<br>F\u00fcr das Projekt <em>Between Breaths<\/em> wird Cyberlab auch die zuk\u00fcnftige Produktion der Fine Art Printeditionen \u00fcbernehmen. Die Zusammenarbeit basiert auf einem gemeinsamen Anspruch an h\u00f6chste Druckqualit\u00e4t und pr\u00e4zise handwerkliche Umsetzung.<\/td><\/tr><tr><td class=\"has-text-align-center\" data-align=\"center\"><a href=\"https:\/\/www.wograndl.com\/\" target=\"_blank\" rel=\"noreferrer noopener\"><\/a><a href=\"https:\/\/www.wograndl.com\/\" target=\"_blank\" rel=\"noreferrer noopener\"><\/a><a href=\"https:\/\/www.wograndl.com\/\" target=\"_blank\" rel=\"noreferrer noopener\"><img loading=\"lazy\" decoding=\"async\" width=\"250\" height=\"27\" class=\"wp-image-11814\" style=\"width: 250px;\" src=\"https:\/\/slauschek.photography\/cms\/wp-content\/uploads\/2026\/04\/Wograndl_LOGO_2020-Web.png\" alt=\"\"><\/a><br>Die Produktion der <em>Between Breaths Calendar Edition 2027<\/em> erfolgt bei <strong><kbd><a href=\"https:\/\/www.wograndl.com\/\" target=\"_blank\" rel=\"noreferrer noopener\">Wograndl Druck<\/a><\/kbd><\/strong>.<br>Das \u00f6sterreichische Unternehmen hat sich fr\u00fch f\u00fcr die Umsetzung dieses Projekts begeistert und begleitet die hochwertige Produktion der Edition mit gro\u00dfer Sorgfalt.<\/td><\/tr><tr><td class=\"has-text-align-center\" data-align=\"center\"><a href=\"http:\/\/www.photoadventure.at\/\" target=\"_blank\" rel=\"noreferrer noopener\"><img loading=\"lazy\" decoding=\"async\" width=\"170\" height=\"156\" class=\"wp-image-7120\" style=\"width: 170px;\" src=\"https:&#47;&#x2f;&#115;&#x6c;a&#x75;s&#99;&#x68;&#101;&#x6b;&#46;&#x70;h&#x6f;t&#111;&#x67;&#114;&#x61;p&#x68;y&#x2f;&#x63;&#109;&#x73;&#47;&#x77;p&#x2d;c&#111;&#x6e;&#116;&#x65;&#110;&#x74;\/&#x75;p&#108;&#x6f;&#97;&#x64;s&#x2f;2&#x30;&#x32;&#49;&#x2f;&#48;&#x34;\/&#x50;A&#45;&#x4c;&#111;&#x67;&#111;&#x2d;A&#x6c;l&#103;&#x65;&#109;&#x65;i&#x6e;&#64;&#x32;&#x78;&#46;&#x70;&#110;&#x67;\" alt=\"\"><\/a><br><a href=\"http:\/\/www.photoadventure.at\/\" target=\"_blank\" rel=\"noreferrer noopener\"><strong><kbd>Photo+Adventure (A)<\/kbd><\/strong><\/a><br>Die Photo+Adventure z\u00e4hlt zu den wichtigsten Messe- und Festivalformaten im deutschsprachigen Raum rund um Fotografie, Reise und Outdoor.<br>Seit 2004 bin ich dort regelm\u00e4\u00dfig mit Ausstellungen, Vortr\u00e4gen und Workshops vertreten und sch\u00e4tze besonders den direkten Austausch mit einem fotobegeisterten Publikum.<\/td><\/tr><tr><td class=\"has-text-align-center\" data-align=\"center\"><a href=\"http:\/\/www.fotofairsicherung.de\" target=\"_blank\" rel=\"noreferrer noopener\"><\/a><a href=\"http:\/\/www.make-up4u.at\/\" target=\"_blank\" rel=\"noreferrer noopener\"><img decoding=\"async\" src=\"https:\/\/slauschek.photography\/cms\/wp-content\/uploads\/2021\/04\/Nadja-Hluchovsky-Logo.png\" alt=\"\" style=\"width: 180px;\"><\/a><br><strong><a href=\"http:\/\/www.make-up4u.at\/\" target=\"_blank\" rel=\"noreferrer noopener\"><kbd>Nadja Hluchovsky<\/kbd><\/a><\/strong> ist eine der besten Make-Up-Artists in \u00d6sterreich &#8211; mit ausgezeichneten Erfahrungen auch unter Wasser. Als Bodypaintingweltmeisterin und vielfache Preistr\u00e4gerin, ist sie ein Garant f\u00fcr hochwertigste und kreativste Make-Up&#8217;s sowie Bodypaintings. Sie hat bereits mehrmals erfolgreich mit uns bei unterschiedlichsten Unterwasserfotoprojekten zusammengearbeitet. Die tolle Chemie die zwischen uns vor Ideen nur so spr\u00fchenden K\u00fcnstlern herrscht, wirkt sich nat\u00fcrlich sehr positiv auf die gemeinsamen Shootings aus.<\/td><\/tr><tr><td class=\"has-text-align-center\" data-align=\"center\"><a href=\"https:\/\/www.dein-sternenkind.eu\" target=\"_blank\" rel=\"noreferrer noopener\"><img loading=\"lazy\" decoding=\"async\" width=\"350\" height=\"74\" class=\"wp-image-9367\" style=\"width: 350px;\" src=\"https:\/\/slauschek.photography\/cms\/wp-content\/uploads\/2024\/01\/DSK_Orga_SCHWAR_600.png\" alt=\"\"><\/a><br>Die<strong>&nbsp;<a href=\"https:\/\/www.dein-sternenkind.eu\" target=\"_blank\" rel=\"noreferrer noopener\">DEIN STERNENKIND-STIFTUNG<\/a><\/strong> wurde Anfang 2013 durch den Deutschen Kai Gebel ins Leben gerufen und bietet Erinnerungsfotos als ein Geschenk f\u00fcr Eltern an, die entweder ein bereits verstorbenes&nbsp;Kind&nbsp;auf die Welt bringen m\u00fcssen oder denen der Tod des Neugeborenen unausweichlich bevorsteht. <br>Wir fotografieren&nbsp;Sternenkinder und Fr\u00fchchen, die den Weg in die Welt nicht erleben durften und Kinder, die an&nbsp;pl\u00f6tzlichem Kindstod&nbsp;verstorben sind.<br>Inzwischen besteht die Initiative aus \u00fcber 600 Fotografen, die kostenlos ihre Zeit f\u00fcr betroffene Eltern zur Verf\u00fcgung stellen.<\/td><\/tr><\/tbody><\/table><\/figure>\n\n\n\n<p><\/p>\n","protected":false},"excerpt":{"rendered":"","protected":false},"author":2,"featured_media":0,"parent":0,"menu_order":0,"comment_status":"closed","ping_status":"closed","template":"","meta":{"jetpack_post_was_ever_published":false,"footnotes":""},"class_list":["post-7015","page","type-page","status-publish","hentry"],"yoast_head":"<!-- This site is optimized with the Yoast SEO plugin v27.4 - https:\/\/yoast.com\/product\/yoast-seo-wordpress\/ -->\n<title>Partner - Slauschek.Photography<\/title>\n<meta name=\"robots\" content=\"index, follow, max-snippet:-1, max-image-preview:large, max-video-preview:-1\" \/>\n<link rel=\"canonical\" href=\"https:\/\/slauschek.photography\/cms\/partner\/\" \/>\n<meta property=\"og:locale\" content=\"de_DE\" \/>\n<meta property=\"og:type\" content=\"article\" \/>\n<meta property=\"og:title\" content=\"Partner - Slauschek.Photography\" \/>\n<meta property=\"og:url\" content=\"https:\/\/slauschek.photography\/cms\/partner\/\" \/>\n<meta property=\"og:site_name\" content=\"Slauschek.Photography\" \/>\n<meta property=\"article:modified_time\" content=\"2026-04-27T21:16:14+00:00\" \/>\n<meta property=\"og:image\" content=\"https:\/\/slauschek.photography\/cms\/wp-content\/uploads\/2021\/04\/subal_logo-3D-schwarz_30cm-300ppi.png\" \/>\n\t<meta property=\"og:image:width\" content=\"1500\" \/>\n\t<meta property=\"og:image:height\" content=\"453\" \/>\n\t<meta property=\"og:image:type\" content=\"image\/png\" \/>\n<meta name=\"twitter:card\" content=\"summary_large_image\" \/>\n<meta name=\"twitter:label1\" content=\"Gesch\u00e4tzte Lesezeit\" \/>\n\t<meta name=\"twitter:data1\" content=\"7\u00a0Minuten\" \/>\n<script type=\"application\/ld+json\" class=\"yoast-schema-graph\">{\"@context\":\"https:\\\/\\\/schema.org\",\"@graph\":[{\"@type\":\"WebPage\",\"@id\":\"https:\\\/\\\/slauschek.photography\\\/cms\\\/partner\\\/\",\"url\":\"https:\\\/\\\/slauschek.photography\\\/cms\\\/partner\\\/\",\"name\":\"Partner - Slauschek.Photography\",\"isPartOf\":{\"@id\":\"https:\\\/\\\/slauschek.photography\\\/cms\\\/#website\"},\"primaryImageOfPage\":{\"@id\":\"https:\\\/\\\/slauschek.photography\\\/cms\\\/partner\\\/#primaryimage\"},\"image\":{\"@id\":\"https:\\\/\\\/slauschek.photography\\\/cms\\\/partner\\\/#primaryimage\"},\"thumbnailUrl\":\"https:\\\/\\\/slauschek.photography\\\/cms\\\/wp-content\\\/uploads\\\/2021\\\/04\\\/subal_logo-3D-schwarz_30cm-300ppi.png\",\"datePublished\":\"2021-04-23T19:20:53+00:00\",\"dateModified\":\"2026-04-27T21:16:14+00:00\",\"breadcrumb\":{\"@id\":\"https:\\\/\\\/slauschek.photography\\\/cms\\\/partner\\\/#breadcrumb\"},\"inLanguage\":\"de\",\"potentialAction\":[{\"@type\":\"ReadAction\",\"target\":[\"https:\\\/\\\/slauschek.photography\\\/cms\\\/partner\\\/\"]}]},{\"@type\":\"ImageObject\",\"inLanguage\":\"de\",\"@id\":\"https:\\\/\\\/slauschek.photography\\\/cms\\\/partner\\\/#primaryimage\",\"url\":\"https:\\\/\\\/slauschek.photography\\\/cms\\\/wp-content\\\/uploads\\\/2021\\\/04\\\/subal_logo-3D-schwarz_30cm-300ppi.png\",\"contentUrl\":\"https:\\\/\\\/slauschek.photography\\\/cms\\\/wp-content\\\/uploads\\\/2021\\\/04\\\/subal_logo-3D-schwarz_30cm-300ppi.png\",\"width\":1500,\"height\":453},{\"@type\":\"BreadcrumbList\",\"@id\":\"https:\\\/\\\/slauschek.photography\\\/cms\\\/partner\\\/#breadcrumb\",\"itemListElement\":[{\"@type\":\"ListItem\",\"position\":1,\"name\":\"Startseite\",\"item\":\"https:\\\/\\\/slauschek.photography\\\/cms\\\/\"},{\"@type\":\"ListItem\",\"position\":2,\"name\":\"Partner\"}]},{\"@type\":\"WebSite\",\"@id\":\"https:\\\/\\\/slauschek.photography\\\/cms\\\/#website\",\"url\":\"https:\\\/\\\/slauschek.photography\\\/cms\\\/\",\"name\":\"Slauschek.Photography\",\"description\":\"Passion meets profession!\",\"potentialAction\":[{\"@type\":\"SearchAction\",\"target\":{\"@type\":\"EntryPoint\",\"urlTemplate\":\"https:\\\/\\\/slauschek.photography\\\/cms\\\/?s={search_term_string}\"},\"query-input\":{\"@type\":\"PropertyValueSpecification\",\"valueRequired\":true,\"valueName\":\"search_term_string\"}}],\"inLanguage\":\"de\"}]}<\/script>\n<!-- \/ Yoast SEO plugin. -->","yoast_head_json":{"title":"Partner - Slauschek.Photography","robots":{"index":"index","follow":"follow","max-snippet":"max-snippet:-1","max-image-preview":"max-image-preview:large","max-video-preview":"max-video-preview:-1"},"canonical":"https:\/\/slauschek.photography\/cms\/partner\/","og_locale":"de_DE","og_type":"article","og_title":"Partner - Slauschek.Photography","og_url":"https:\/\/slauschek.photography\/cms\/partner\/","og_site_name":"Slauschek.Photography","article_modified_time":"2026-04-27T21:16:14+00:00","og_image":[{"width":1500,"height":453,"url":"https:\/\/slauschek.photography\/cms\/wp-content\/uploads\/2021\/04\/subal_logo-3D-schwarz_30cm-300ppi.png","type":"image\/png"}],"twitter_card":"summary_large_image","twitter_misc":{"Gesch\u00e4tzte Lesezeit":"7\u00a0Minuten"},"schema":{"@context":"https:\/\/schema.org","@graph":[{"@type":"WebPage","@id":"https:\/\/slauschek.photography\/cms\/partner\/","url":"https:\/\/slauschek.photography\/cms\/partner\/","name":"Partner - Slauschek.Photography","isPartOf":{"@id":"https:\/\/slauschek.photography\/cms\/#website"},"primaryImageOfPage":{"@id":"https:\/\/slauschek.photography\/cms\/partner\/#primaryimage"},"image":{"@id":"https:\/\/slauschek.photography\/cms\/partner\/#primaryimage"},"thumbnailUrl":"https:\/\/slauschek.photography\/cms\/wp-content\/uploads\/2021\/04\/subal_logo-3D-schwarz_30cm-300ppi.png","datePublished":"2021-04-23T19:20:53+00:00","dateModified":"2026-04-27T21:16:14+00:00","breadcrumb":{"@id":"https:\/\/slauschek.photography\/cms\/partner\/#breadcrumb"},"inLanguage":"de","potentialAction":[{"@type":"ReadAction","target":["https:\/\/slauschek.photography\/cms\/partner\/"]}]},{"@type":"ImageObject","inLanguage":"de","@id":"https:\/\/slauschek.photography\/cms\/partner\/#primaryimage","url":"https:\/\/slauschek.photography\/cms\/wp-content\/uploads\/2021\/04\/subal_logo-3D-schwarz_30cm-300ppi.png","contentUrl":"https:\/\/slauschek.photography\/cms\/wp-content\/uploads\/2021\/04\/subal_logo-3D-schwarz_30cm-300ppi.png","width":1500,"height":453},{"@type":"BreadcrumbList","@id":"https:\/\/slauschek.photography\/cms\/partner\/#breadcrumb","itemListElement":[{"@type":"ListItem","position":1,"name":"Startseite","item":"https:\/\/slauschek.photography\/cms\/"},{"@type":"ListItem","position":2,"name":"Partner"}]},{"@type":"WebSite","@id":"https:\/\/slauschek.photography\/cms\/#website","url":"https:\/\/slauschek.photography\/cms\/","name":"Slauschek.Photography","description":"Passion meets profession!","potentialAction":[{"@type":"SearchAction","target":{"@type":"EntryPoint","urlTemplate":"https:\/\/slauschek.photography\/cms\/?s={search_term_string}"},"query-input":{"@type":"PropertyValueSpecification","valueRequired":true,"valueName":"search_term_string"}}],"inLanguage":"de"}]}},"jetpack_sharing_enabled":true,"_links":{"self":[{"href":"https:\/\/slauschek.photography\/cms\/wp-json\/wp\/v2\/pages\/7015","targetHints":{"allow":["GET"]}}],"collection":[{"href":"https:\/\/slauschek.photography\/cms\/wp-json\/wp\/v2\/pages"}],"about":[{"href":"https:\/\/slauschek.photography\/cms\/wp-json\/wp\/v2\/types\/page"}],"author":[{"embeddable":true,"href":"https:\/\/slauschek.photography\/cms\/wp-json\/wp\/v2\/users\/2"}],"replies":[{"embeddable":true,"href":"https:\/\/slauschek.photography\/cms\/wp-json\/wp\/v2\/comments?post=7015"}],"version-history":[{"count":104,"href":"https:\/\/slauschek.photography\/cms\/wp-json\/wp\/v2\/pages\/7015\/revisions"}],"predecessor-version":[{"id":11824,"href":"https:\/\/slauschek.photography\/cms\/wp-json\/wp\/v2\/pages\/7015\/revisions\/11824"}],"wp:attachment":[{"href":"https:\/\/slauschek.photography\/cms\/wp-json\/wp\/v2\/media?parent=7015"}],"curies":[{"name":"wp","href":"https:\/\/api.w.org\/{rel}","templated":true}]}}